{"id":2692,"date":"2015-06-05T21:32:34","date_gmt":"2015-06-05T21:32:34","guid":{"rendered":"http:\/\/capeco.org.py\/?page_id=2692"},"modified":"2015-10-13T15:09:08","modified_gmt":"2015-10-13T15:09:08","slug":"noticias","status":"publish","type":"page","link":"https:\/\/capeco.org.py\/en\/noticias\/","title":{"rendered":"Noticias"},"content":{"rendered":"<p class=\"qtranxs-available-languages-message qtranxs-available-languages-message-en\">Sorry, this entry is only available in <a href=\"https:\/\/capeco.org.py\/es\/wp-json\/wp\/v2\/pages\/2692\" class=\"qtranxs-available-language-link qtranxs-available-language-link-es\" title=\"Espa\u00f1ol\">Espa\u00f1ol<\/a>.<\/p><p>[vc_row rt_row_background_width=&#8221;default&#8221; rt_row_content_width=&#8221;default&#8221; rt_row_style=&#8221;default-style&#8221; rt_row_borders=&#8221;&#8221; rt_overlap=&#8221;&#8221; rt_grid=&#8221;&#8221; rt_row_paddings=&#8221;true&#8221; id=&#8221;&#8221; rt_bg_effect=&#8221;classic&#8221; rt_bg_parallax_effect=&#8221;1&#8243; rt_bg_image_repeat=&#8221;repeat&#8221; rt_bg_size=&#8221;cover&#8221; rt_bg_position=&#8221;right top&#8221; rt_bg_attachment=&#8221;scroll&#8221;][vc_column width=&#8221;1\/1&#8243; rt_color_set=&#8221;global-style&#8221; id=&#8221;&#8221; rt_bg_image_repeat=&#8221;repeat&#8221; rt_bg_size=&#8221;auto auto&#8221; rt_bg_attachment=&#8221;scroll&#8221;]<div class=\"rt_heading_wrapper style-1\">\n\t\t\t\t\t\t<h2 class=\"rt_heading  style-1\" >Noticias<\/h2>\n\t\t\t\t\t<\/div>[\/vc_column][\/vc_row][vc_row rt_row_background_width=&#8221;default&#8221; rt_row_content_width=&#8221;default&#8221; rt_row_style=&#8221;default-style&#8221; rt_row_borders=&#8221;&#8221; rt_overlap=&#8221;&#8221; rt_grid=&#8221;&#8221; rt_row_paddings=&#8221;true&#8221; id=&#8221;&#8221; rt_bg_effect=&#8221;classic&#8221; rt_bg_parallax_effect=&#8221;1&#8243; rt_bg_image_repeat=&#8221;repeat&#8221; rt_bg_size=&#8221;cover&#8221; rt_bg_position=&#8221;right top&#8221; rt_bg_attachment=&#8221;scroll&#8221;][vc_column width=&#8221;1\/1&#8243; rt_color_set=&#8221;global-style&#8221; id=&#8221;&#8221; rt_bg_image_repeat=&#8221;repeat&#8221; rt_bg_size=&#8221;auto auto&#8221; rt_bg_attachment=&#8221;scroll&#8221;]\n<div id=\"blog-dynamicID-236319\" class=\"blog_list clearfix \" data-column-width=\"1\">\n \n\n<!-- blog box-->\n<article class=\"loop post-10311 post type-post status-publish format-standard has-post-thumbnail hentry category-noticias tag-bolsa-de-chicago tag-capeco tag-chicago tag-commodities-agricolas tag-mf-economia\" id=\"post-10311\">\n\t\t\n\t\n\t\n\t<figure class=\"featured_image featured_media\">\n\n\t\t\n\t\t\t\t<a id=\"lightbox-372877\" class=\"imgeffect zoom lightbox_ featured_image\" data-group=\"image_10185\" title=\"Enlarge Image\" data-title=\"(Espa\u00f1ol) Commodities agr\u00edcolas registran aumentos interanuales\" data-sub-html=\"#lightbox-372877-description\" data-thumbnail=\"https:\/\/capeco.org.py\/wp-content\/uploads\/2026\/05\/soja-y-maiz-granos-75x50.jpg\" data-thumbTooltip=\"\" data-scaleUp=\"\" data-href=\"\" data-width=\"\" data-height=\"\" data-flashHasPriority=\"\" data-poster=\"\" data-autoplay=\"\" data-audiotitle=\"\" data-html=\"\" href=\"https:\/\/capeco.org.py\/wp-content\/uploads\/2026\/05\/soja-y-maiz-granos.jpg\" ><img decoding=\"async\" src=\"https:\/\/capeco.org.py\/wp-content\/uploads\/2026\/05\/soja-y-maiz-granos-640x360.jpg\" alt=\"\" class=\"\" \/><\/a>\r\n\t\t\t<div class=\"lighbox-description hidden\" id=\"lightbox-372877-description\">\r\n\t\t\t\t<strong>(Espa\u00f1ol) Commodities agr\u00edcolas registran aumentos interanuales<\/strong><br>\r\n\t\t\t\t\r\n\t\t\t<\/div>\t\t\t\t<span class=\"format-icon icon-pencil\"><\/span>\n\n\t\t\t\n\t<\/figure> \n\t\n\n\t<div class=\"date\"><a href=\"https:\/\/capeco.org.py\/en\/2026\/08\/28\/commodities-agricolas-registran-aumentos-interanuales\/\">Friday August 28th, 2026<\/a><\/div> \n\t<div class=\"text entry-content\">\n\n\t\t<!-- blog headline-->\n\t\t<h2 class=\"entry-title\"><a href=\"https:\/\/capeco.org.py\/en\/2026\/08\/28\/commodities-agricolas-registran-aumentos-interanuales\/\" rel=\"bookmark\">(Espa\u00f1ol) Commodities agr\u00edcolas registran aumentos interanuales<\/a><\/h2> \n\t\t\t\n\n\t\t<p>Sorry, this entry is only available in Espa\u00f1ol. De acuerdo con los datos de la Bolsa de Chicago (CBOT), al cierre del 26 de agosto de 2026, los principales commodities agr\u00edcolas registraron importantes aumentos frente al mismo per\u00edodo del a\u00f1o anterior. En el caso de la soja, la cotizaci\u00f3n alcanz\u00f3 460,87 USD\/ton, con un incremento [&hellip;]<\/p>\n\n\t\t\t\t<!-- meta data -->\r\n\t\t<div class=\"post_data\">\r\n\r\n\t\t\t\t\t\t<!-- user -->\r\n\t\t\t<span class=\"icon-user user margin-right20\"><a href=\"https:\/\/capeco.org.py\/en\/author\/prensa\/\" rel=\"author\">David Gonzalez<\/a><\/span>\r\n\t\t\t\r\n\t\t\t\t\t\t<!-- categories -->\r\n\t\t\t<span class=\"icon-flow-cascade categories\"><a href=\"https:\/\/capeco.org.py\/en\/category\/noticias\/\" rel=\"category tag\">Noticias<\/a><\/span>\r\n\t\t\t\r\n\t\t\t\r\n\t\t\t\r\n\t\t<\/div><!-- \/ end div  .post_data -->\r\n\t\n\t<\/div> \n\n<\/article> \n<!-- \/ blog box-->\n \n\n<!-- blog box-->\n<article class=\"loop post-10309 post type-post status-publish format-standard has-post-thumbnail hentry category-noticias tag-capeco tag-facultad-de-ciencias-quimicas-una tag-jica tag-lanzamiento tag-manejo-integrado-de-enfermedades tag-proyecto-de-mitigacion-de-la-pyricularia-del-trigo tag-pyticularia-del-trigo tag-trigo\" id=\"post-10309\">\n\t\t\n\t\n\t\n\t<figure class=\"featured_image featured_media\">\n\n\t\t\n\t\t\t\t<a id=\"lightbox-382849\" class=\"imgeffect zoom lightbox_ featured_image\" data-group=\"image_9937\" title=\"Enlarge Image\" data-title=\"(Espa\u00f1ol) Lanzamiento del Proyecto de Mitigaci\u00f3n de la Pyricularia del Trigo mediante el manejo integrado de enfermedades (SATREPS)\" data-sub-html=\"#lightbox-382849-description\" data-thumbnail=\"https:\/\/capeco.org.py\/wp-content\/uploads\/2025\/11\/trigo-verde-75x50.jpg\" data-thumbTooltip=\"\" data-scaleUp=\"\" data-href=\"\" data-width=\"\" data-height=\"\" data-flashHasPriority=\"\" data-poster=\"\" data-autoplay=\"\" data-audiotitle=\"\" data-html=\"\" href=\"https:\/\/capeco.org.py\/wp-content\/uploads\/2025\/11\/trigo-verde.jpg\" ><img decoding=\"async\" src=\"https:\/\/capeco.org.py\/wp-content\/uploads\/2025\/11\/trigo-verde-640x360.jpg\" alt=\"\" class=\"\" \/><\/a>\r\n\t\t\t<div class=\"lighbox-description hidden\" id=\"lightbox-382849-description\">\r\n\t\t\t\t<strong>(Espa\u00f1ol) Lanzamiento del Proyecto de Mitigaci\u00f3n de la Pyricularia del Trigo mediante el manejo integrado de enfermedades (SATREPS)<\/strong><br>\r\n\t\t\t\t\r\n\t\t\t<\/div>\t\t\t\t<span class=\"format-icon icon-pencil\"><\/span>\n\n\t\t\t\n\t<\/figure> \n\t\n\n\t<div class=\"date\"><a href=\"https:\/\/capeco.org.py\/en\/2026\/08\/28\/lanzamiento-del-proyecto-de-mitigacion-de-la-pyricularia-del-trigo-mediante-el-manejo-integrado-de-enfermedades-satreps\/\">Friday August 28th, 2026<\/a><\/div> \n\t<div class=\"text entry-content\">\n\n\t\t<!-- blog headline-->\n\t\t<h2 class=\"entry-title\"><a href=\"https:\/\/capeco.org.py\/en\/2026\/08\/28\/lanzamiento-del-proyecto-de-mitigacion-de-la-pyricularia-del-trigo-mediante-el-manejo-integrado-de-enfermedades-satreps\/\" rel=\"bookmark\">(Espa\u00f1ol) Lanzamiento del Proyecto de Mitigaci\u00f3n de la Pyricularia del Trigo mediante el manejo integrado de enfermedades (SATREPS)<\/a><\/h2> \n\t\t\t\n\n\t\t<p>Sorry, this entry is only available in Espa\u00f1ol. El pr\u00f3ximo jueves 10 de setiembre, a las 10:00, en el local de Capeco, en Asunci\u00f3n, se realizar\u00e1 el lanzamiento del Proyecto de Mitigaci\u00f3n de la Pyricularia del Trigo mediante el manejo integrado de enfermedades (SATREPS). El lanzamiento, que se realiza dentro del marco del Acuerdo entre [&hellip;]<\/p>\n\n\t\t\t\t<!-- meta data -->\r\n\t\t<div class=\"post_data\">\r\n\r\n\t\t\t\t\t\t<!-- user -->\r\n\t\t\t<span class=\"icon-user user margin-right20\"><a href=\"https:\/\/capeco.org.py\/en\/author\/prensa\/\" rel=\"author\">David Gonzalez<\/a><\/span>\r\n\t\t\t\r\n\t\t\t\t\t\t<!-- categories -->\r\n\t\t\t<span class=\"icon-flow-cascade categories\"><a href=\"https:\/\/capeco.org.py\/en\/category\/noticias\/\" rel=\"category tag\">Noticias<\/a><\/span>\r\n\t\t\t\r\n\t\t\t\r\n\t\t\t\r\n\t\t<\/div><!-- \/ end div  .post_data -->\r\n\t\n\t<\/div> \n\n<\/article> \n<!-- \/ blog box-->\n \n\n<!-- blog box-->\n<article class=\"loop post-10304 post type-post status-publish format-standard has-post-thumbnail hentry category-noticias tag-capeco tag-compra-de-soja tag-embajada-de-taiwan tag-ivan-lee tag-soja tag-taiwan\" id=\"post-10304\">\n\t\t\n\t\n\t\n\t<figure class=\"featured_image featured_media\">\n\n\t\t\n\t\t\t\t<a id=\"lightbox-990973\" class=\"imgeffect zoom lightbox_ featured_image\" data-group=\"image_10305\" title=\"Enlarge Image\" data-title=\"(Espa\u00f1ol) Empresarios taiwaneses exploran oportunidades de compra de soja paraguaya\" data-sub-html=\"#lightbox-990973-description\" data-thumbnail=\"https:\/\/capeco.org.py\/wp-content\/uploads\/2026\/08\/empresarios-taiwaneses-soja-ok-75x50.jpeg\" data-thumbTooltip=\"\" data-scaleUp=\"\" data-href=\"\" data-width=\"\" data-height=\"\" data-flashHasPriority=\"\" data-poster=\"\" data-autoplay=\"\" data-audiotitle=\"\" data-html=\"\" href=\"https:\/\/capeco.org.py\/wp-content\/uploads\/2026\/08\/empresarios-taiwaneses-soja-ok.jpeg\" ><img decoding=\"async\" src=\"https:\/\/capeco.org.py\/wp-content\/uploads\/2026\/08\/empresarios-taiwaneses-soja-ok-640x360.jpeg\" alt=\"\" class=\"\" \/><\/a>\r\n\t\t\t<div class=\"lighbox-description hidden\" id=\"lightbox-990973-description\">\r\n\t\t\t\t<strong>(Espa\u00f1ol) Empresarios taiwaneses exploran oportunidades de compra de soja paraguaya<\/strong><br>\r\n\t\t\t\t\r\n\t\t\t<\/div>\t\t\t\t<span class=\"format-icon icon-pencil\"><\/span>\n\n\t\t\t\n\t<\/figure> \n\t\n\n\t<div class=\"date\"><a href=\"https:\/\/capeco.org.py\/en\/2026\/08\/27\/empresarios-taiwaneses-exploran-oportunidades-de-compra-de-soja-paraguaya\/\">Thursday August 27th, 2026<\/a><\/div> \n\t<div class=\"text entry-content\">\n\n\t\t<!-- blog headline-->\n\t\t<h2 class=\"entry-title\"><a href=\"https:\/\/capeco.org.py\/en\/2026\/08\/27\/empresarios-taiwaneses-exploran-oportunidades-de-compra-de-soja-paraguaya\/\" rel=\"bookmark\">(Espa\u00f1ol) Empresarios taiwaneses exploran oportunidades de compra de soja paraguaya<\/a><\/h2> \n\t\t\t\n\n\t\t<p>Sorry, this entry is only available in Espa\u00f1ol. Directivos de Capeco, encabezados por el presidente Jos\u00e9 Berea, recibieron en la sede de la C\u00e1mara, en Asunci\u00f3n, al embajador de Taiw\u00e1n, Iv\u00e1n Lee, quien acompa\u00f1\u00f3 a una delegaci\u00f3n de empresarios del pa\u00eds asi\u00e1tico que se visitaron Paraguay con el objetivo de explorar oportunidades de volver a [&hellip;]<\/p>\n\n\t\t\t\t<!-- meta data -->\r\n\t\t<div class=\"post_data\">\r\n\r\n\t\t\t\t\t\t<!-- user -->\r\n\t\t\t<span class=\"icon-user user margin-right20\"><a href=\"https:\/\/capeco.org.py\/en\/author\/prensa\/\" rel=\"author\">David Gonzalez<\/a><\/span>\r\n\t\t\t\r\n\t\t\t\t\t\t<!-- categories -->\r\n\t\t\t<span class=\"icon-flow-cascade categories\"><a href=\"https:\/\/capeco.org.py\/en\/category\/noticias\/\" rel=\"category tag\">Noticias<\/a><\/span>\r\n\t\t\t\r\n\t\t\t\r\n\t\t\t\r\n\t\t<\/div><!-- \/ end div  .post_data -->\r\n\t\n\t<\/div> \n\n<\/article> \n<!-- \/ blog box-->\n \n\n<!-- blog box-->\n<article class=\"loop post-10297 post type-post status-publish format-standard has-post-thumbnail hentry category-noticias tag-capeco tag-comercio-exterior tag-complejo-soja tag-divisas tag-exportaciones-de-soja tag-julio-2026 tag-soja tag-sonia-tomassone\" id=\"post-10297\">\n\t\t\n\t\n\t\n\t<figure class=\"featured_image featured_media\">\n\n\t\t\n\t\t\t\t<a id=\"lightbox-996325\" class=\"imgeffect zoom lightbox_ featured_image\" data-group=\"image_7731\" title=\"Enlarge Image\" data-title=\"(Espa\u00f1ol) Exportaciones del complejo soja generaron USD 1020 millones m\u00e1s hasta julio\" data-sub-html=\"#lightbox-996325-description\" data-thumbnail=\"https:\/\/capeco.org.py\/wp-content\/uploads\/2023\/04\/exportacion-soja-75x50.jpeg\" data-thumbTooltip=\"\" data-scaleUp=\"\" data-href=\"\" data-width=\"\" data-height=\"\" data-flashHasPriority=\"\" data-poster=\"\" data-autoplay=\"\" data-audiotitle=\"\" data-html=\"\" href=\"https:\/\/capeco.org.py\/wp-content\/uploads\/2023\/04\/exportacion-soja.jpeg\" ><img decoding=\"async\" src=\"https:\/\/capeco.org.py\/wp-content\/uploads\/2023\/04\/exportacion-soja-640x360.jpeg\" alt=\"\" class=\"\" \/><\/a>\r\n\t\t\t<div class=\"lighbox-description hidden\" id=\"lightbox-996325-description\">\r\n\t\t\t\t<strong>(Espa\u00f1ol) Exportaciones del complejo soja generaron USD 1020 millones m\u00e1s hasta julio<\/strong><br>\r\n\t\t\t\t\r\n\t\t\t<\/div>\t\t\t\t<span class=\"format-icon icon-pencil\"><\/span>\n\n\t\t\t\n\t<\/figure> \n\t\n\n\t<div class=\"date\"><a href=\"https:\/\/capeco.org.py\/en\/2026\/08\/14\/exportaciones-del-complejo-soja-generaron-usd-1020-millones-mas-hasta-julio\/\">Friday August 14th, 2026<\/a><\/div> \n\t<div class=\"text entry-content\">\n\n\t\t<!-- blog headline-->\n\t\t<h2 class=\"entry-title\"><a href=\"https:\/\/capeco.org.py\/en\/2026\/08\/14\/exportaciones-del-complejo-soja-generaron-usd-1020-millones-mas-hasta-julio\/\" rel=\"bookmark\">(Espa\u00f1ol) Exportaciones del complejo soja generaron USD 1020 millones m\u00e1s hasta julio<\/a><\/h2> \n\t\t\t\n\n\t\t<p>Sorry, this entry is only available in Espa\u00f1ol. Al cierre del s\u00e9ptimo mes del a\u00f1o las exportaciones del complejo de la soja (grano, harina y aceite) permitieron un aumento de USD 1020 millones en los ingresos de divisas, en comparaci\u00f3n con el mismo periodo de 2025, ya que, de acuerdo con el Informe de Comercio [&hellip;]<\/p>\n\n\t\t\t\t<!-- meta data -->\r\n\t\t<div class=\"post_data\">\r\n\r\n\t\t\t\t\t\t<!-- user -->\r\n\t\t\t<span class=\"icon-user user margin-right20\"><a href=\"https:\/\/capeco.org.py\/en\/author\/prensa\/\" rel=\"author\">David Gonzalez<\/a><\/span>\r\n\t\t\t\r\n\t\t\t\t\t\t<!-- categories -->\r\n\t\t\t<span class=\"icon-flow-cascade categories\"><a href=\"https:\/\/capeco.org.py\/en\/category\/noticias\/\" rel=\"category tag\">Noticias<\/a><\/span>\r\n\t\t\t\r\n\t\t\t\r\n\t\t\t\r\n\t\t<\/div><!-- \/ end div  .post_data -->\r\n\t\n\t<\/div> \n\n<\/article> \n<!-- \/ blog box-->\n \n\n<!-- blog box-->\n<article class=\"loop post-10294 post type-post status-publish format-standard has-post-thumbnail hentry category-noticias tag-capeco tag-julio-2026 tag-maiz tag-mf-economia tag-soja tag-trigo tag-usda\" id=\"post-10294\">\n\t\t\n\t\n\t\n\t<figure class=\"featured_image featured_media\">\n\n\t\t\n\t\t\t\t<a id=\"lightbox-129165\" class=\"imgeffect zoom lightbox_ featured_image\" data-group=\"image_10226\" title=\"Enlarge Image\" data-title=\"(Espa\u00f1ol) USDA anticipa cambios en la producci\u00f3n mundial de granos\" data-sub-html=\"#lightbox-129165-description\" data-thumbnail=\"https:\/\/capeco.org.py\/wp-content\/uploads\/2026\/06\/soja-maiz-trigo-scaled-75x50.jpg\" data-thumbTooltip=\"\" data-scaleUp=\"\" data-href=\"\" data-width=\"\" data-height=\"\" data-flashHasPriority=\"\" data-poster=\"\" data-autoplay=\"\" data-audiotitle=\"\" data-html=\"\" href=\"https:\/\/capeco.org.py\/wp-content\/uploads\/2026\/06\/soja-maiz-trigo-scaled.jpg\" ><img decoding=\"async\" src=\"https:\/\/capeco.org.py\/wp-content\/uploads\/2026\/06\/soja-maiz-trigo-scaled-640x360.jpg\" alt=\"\" class=\"\" \/><\/a>\r\n\t\t\t<div class=\"lighbox-description hidden\" id=\"lightbox-129165-description\">\r\n\t\t\t\t<strong>(Espa\u00f1ol) USDA anticipa cambios en la producci\u00f3n mundial de granos<\/strong><br>\r\n\t\t\t\t\r\n\t\t\t<\/div>\t\t\t\t<span class=\"format-icon icon-pencil\"><\/span>\n\n\t\t\t\n\t<\/figure> \n\t\n\n\t<div class=\"date\"><a href=\"https:\/\/capeco.org.py\/en\/2026\/08\/14\/usda-anticipa-cambios-en-la-produccion-mundial-de-granos\/\">Friday August 14th, 2026<\/a><\/div> \n\t<div class=\"text entry-content\">\n\n\t\t<!-- blog headline-->\n\t\t<h2 class=\"entry-title\"><a href=\"https:\/\/capeco.org.py\/en\/2026\/08\/14\/usda-anticipa-cambios-en-la-produccion-mundial-de-granos\/\" rel=\"bookmark\">(Espa\u00f1ol) USDA anticipa cambios en la producci\u00f3n mundial de granos<\/a><\/h2> \n\t\t\t\n\n\t\t<p>Sorry, this entry is only available in Espa\u00f1ol. Las \u00faltimas proyecciones del Departamento de Agricultura de los Estados Unidos (USDA, por sus siglas en ingl\u00e9s) muestran un escenario diferenciado para la producci\u00f3n mundial de soja, ma\u00edz y trigo en la campa\u00f1a 2026\/27. Mientras la soja registrar\u00eda un aumento frente al ciclo anterior, el ma\u00edz y [&hellip;]<\/p>\n\n\t\t\t\t<!-- meta data -->\r\n\t\t<div class=\"post_data\">\r\n\r\n\t\t\t\t\t\t<!-- user -->\r\n\t\t\t<span class=\"icon-user user margin-right20\"><a href=\"https:\/\/capeco.org.py\/en\/author\/prensa\/\" rel=\"author\">David Gonzalez<\/a><\/span>\r\n\t\t\t\r\n\t\t\t\t\t\t<!-- categories -->\r\n\t\t\t<span class=\"icon-flow-cascade categories\"><a href=\"https:\/\/capeco.org.py\/en\/category\/noticias\/\" rel=\"category tag\">Noticias<\/a><\/span>\r\n\t\t\t\r\n\t\t\t\r\n\t\t\t\r\n\t\t<\/div><!-- \/ end div  .post_data -->\r\n\t\n\t<\/div> \n\n<\/article> \n<!-- \/ blog box-->\n \n\n<!-- blog box-->\n<article class=\"loop post-10287 post type-post status-publish format-standard has-post-thumbnail hentry category-noticias tag-agroclima tag-capeco tag-eduardo-sierra tag-el-nino tag-fenomeno-climatico\" id=\"post-10287\">\n\t\t\n\t\n\t\n\t<figure class=\"featured_image featured_media\">\n\n\t\t\n\t\t\t\t<a id=\"lightbox-958997\" class=\"imgeffect zoom lightbox_ featured_image\" data-group=\"image_7648\" title=\"Enlarge Image\" data-title=\"(Espa\u00f1ol) Agosto es decisivo para determinar la evoluci\u00f3n de El Ni\u00f1o\" data-sub-html=\"#lightbox-958997-description\" data-thumbnail=\"https:\/\/capeco.org.py\/wp-content\/uploads\/2023\/02\/lluvia-cultivo-de-soja-75x50.jpg\" data-thumbTooltip=\"\" data-scaleUp=\"\" data-href=\"\" data-width=\"\" data-height=\"\" data-flashHasPriority=\"\" data-poster=\"\" data-autoplay=\"\" data-audiotitle=\"\" data-html=\"\" href=\"https:\/\/capeco.org.py\/wp-content\/uploads\/2023\/02\/lluvia-cultivo-de-soja.jpg\" ><img decoding=\"async\" src=\"https:\/\/capeco.org.py\/wp-content\/uploads\/2023\/02\/lluvia-cultivo-de-soja-640x365.jpg\" alt=\"\" class=\"\" \/><\/a>\r\n\t\t\t<div class=\"lighbox-description hidden\" id=\"lightbox-958997-description\">\r\n\t\t\t\t<strong>(Espa\u00f1ol) Agosto es decisivo para determinar la evoluci\u00f3n de El Ni\u00f1o<\/strong><br>\r\n\t\t\t\t\r\n\t\t\t<\/div>\t\t\t\t<span class=\"format-icon icon-pencil\"><\/span>\n\n\t\t\t\n\t<\/figure> \n\t\n\n\t<div class=\"date\"><a href=\"https:\/\/capeco.org.py\/en\/2026\/08\/07\/agosto-es-decisivo-para-determinar-la-evolucion-de-el-nino\/\">Friday August  7th, 2026<\/a><\/div> \n\t<div class=\"text entry-content\">\n\n\t\t<!-- blog headline-->\n\t\t<h2 class=\"entry-title\"><a href=\"https:\/\/capeco.org.py\/en\/2026\/08\/07\/agosto-es-decisivo-para-determinar-la-evolucion-de-el-nino\/\" rel=\"bookmark\">(Espa\u00f1ol) Agosto es decisivo para determinar la evoluci\u00f3n de El Ni\u00f1o<\/a><\/h2> \n\t\t\t\n\n\t\t<p>Sorry, this entry is only available in Espa\u00f1ol. Nuestro asesor agroclim\u00e1tico, Ing. Agr. Eduardo Sierra, mencion\u00f3 que, si bien ya nos encontramos ante la presencia de El Ni\u00f1o, su desarrollo se encuadra a\u00fan dentro del rango normal, de un Ni\u00f1o t\u00edpico, es decir, no estamos ante un S\u00faper El Ni\u00f1o. El especialista en Agroclimatolog\u00eda recalc\u00f3 [&hellip;]<\/p>\n\n\t\t\t\t<!-- meta data -->\r\n\t\t<div class=\"post_data\">\r\n\r\n\t\t\t\t\t\t<!-- user -->\r\n\t\t\t<span class=\"icon-user user margin-right20\"><a href=\"https:\/\/capeco.org.py\/en\/author\/prensa\/\" rel=\"author\">David Gonzalez<\/a><\/span>\r\n\t\t\t\r\n\t\t\t\t\t\t<!-- categories -->\r\n\t\t\t<span class=\"icon-flow-cascade categories\"><a href=\"https:\/\/capeco.org.py\/en\/category\/noticias\/\" rel=\"category tag\">Noticias<\/a><\/span>\r\n\t\t\t\r\n\t\t\t\r\n\t\t\t\r\n\t\t<\/div><!-- \/ end div  .post_data -->\r\n\t\n\t<\/div> \n\n<\/article> \n<!-- \/ blog box-->\n \n\n<!-- blog box-->\n<article class=\"loop post-10283 post type-post status-publish format-standard has-post-thumbnail hentry category-noticias tag-campana-agricola tag-capeco tag-clima tag-consejo-asesor-agrario tag-el-nino tag-gremios-de-la-produccion tag-jose-berea\" id=\"post-10283\">\n\t\t\n\t\n\t\n\t<figure class=\"featured_image featured_media\">\n\n\t\t\n\t\t\t\t<a id=\"lightbox-736080\" class=\"imgeffect zoom lightbox_ featured_image\" data-group=\"image_10284\" title=\"Enlarge Image\" data-title=\"(Espa\u00f1ol) Con el objetivo de reducir el impacto de El Ni\u00f1o en la producci\u00f3n, Gobierno y gremios reactivan el Consejo Asesor Agrario\" data-sub-html=\"#lightbox-736080-description\" data-thumbnail=\"https:\/\/capeco.org.py\/wp-content\/uploads\/2026\/08\/consejo-asesor-agrario-ok-75x50.jpeg\" data-thumbTooltip=\"\" data-scaleUp=\"\" data-href=\"\" data-width=\"\" data-height=\"\" data-flashHasPriority=\"\" data-poster=\"\" data-autoplay=\"\" data-audiotitle=\"\" data-html=\"\" href=\"https:\/\/capeco.org.py\/wp-content\/uploads\/2026\/08\/consejo-asesor-agrario-ok.jpeg\" ><img decoding=\"async\" src=\"https:\/\/capeco.org.py\/wp-content\/uploads\/2026\/08\/consejo-asesor-agrario-ok-640x360.jpeg\" alt=\"\" class=\"\" \/><\/a>\r\n\t\t\t<div class=\"lighbox-description hidden\" id=\"lightbox-736080-description\">\r\n\t\t\t\t<strong>(Espa\u00f1ol) Con el objetivo de reducir el impacto de El Ni\u00f1o en la producci\u00f3n, Gobierno y gremios reactivan el Consejo Asesor Agrario<\/strong><br>\r\n\t\t\t\t\r\n\t\t\t<\/div>\t\t\t\t<span class=\"format-icon icon-pencil\"><\/span>\n\n\t\t\t\n\t<\/figure> \n\t\n\n\t<div class=\"date\"><a href=\"https:\/\/capeco.org.py\/en\/2026\/08\/07\/con-el-objetivo-de-reducir-el-impacto-de-el-nino-en-la-produccion-gobierno-y-gremios-reactivan-el-consejo-asesor-agrario\/\">Friday August  7th, 2026<\/a><\/div> \n\t<div class=\"text entry-content\">\n\n\t\t<!-- blog headline-->\n\t\t<h2 class=\"entry-title\"><a href=\"https:\/\/capeco.org.py\/en\/2026\/08\/07\/con-el-objetivo-de-reducir-el-impacto-de-el-nino-en-la-produccion-gobierno-y-gremios-reactivan-el-consejo-asesor-agrario\/\" rel=\"bookmark\">(Espa\u00f1ol) Con el objetivo de reducir el impacto de El Ni\u00f1o en la producci\u00f3n, Gobierno y gremios reactivan el Consejo Asesor Agrario<\/a><\/h2> \n\t\t\t\n\n\t\t<p>Sorry, this entry is only available in Espa\u00f1ol. El Gobierno y los principales gremios de la producci\u00f3n reactivaron el Consejo Asesor Agrario, con el objetivo de establecer estrategias conjuntas para anticipar y contener los posibles efectos del fen\u00f3meno clim\u00e1tico El Ni\u00f1o durante la campa\u00f1a agr\u00edcola. La reuni\u00f3n, que se realiz\u00f3 este jueves 6 de agosto [&hellip;]<\/p>\n\n\t\t\t\t<!-- meta data -->\r\n\t\t<div class=\"post_data\">\r\n\r\n\t\t\t\t\t\t<!-- user -->\r\n\t\t\t<span class=\"icon-user user margin-right20\"><a href=\"https:\/\/capeco.org.py\/en\/author\/prensa\/\" rel=\"author\">David Gonzalez<\/a><\/span>\r\n\t\t\t\r\n\t\t\t\t\t\t<!-- categories -->\r\n\t\t\t<span class=\"icon-flow-cascade categories\"><a href=\"https:\/\/capeco.org.py\/en\/category\/noticias\/\" rel=\"category tag\">Noticias<\/a><\/span>\r\n\t\t\t\r\n\t\t\t\r\n\t\t\t\r\n\t\t<\/div><!-- \/ end div  .post_data -->\r\n\t\n\t<\/div> \n\n<\/article> \n<!-- \/ blog box-->\n \n\n<!-- blog box-->\n<article class=\"loop post-10279 post type-post status-publish format-standard has-post-thumbnail hentry category-noticias tag-capeco tag-consejo-empresarial tag-hugo-pastore tag-jose-berea tag-mic tag-sonia-tomassone\" id=\"post-10279\">\n\t\t\n\t\n\t\n\t<figure class=\"featured_image featured_media\">\n\n\t\t\n\t\t\t\t<a id=\"lightbox-883154\" class=\"imgeffect zoom lightbox_ featured_image\" data-group=\"image_10280\" title=\"Enlarge Image\" data-title=\"(Espa\u00f1ol) Log\u00edstica e infraestructura, algunos de los temas analizados en la 3.\u00aa reuni\u00f3n del Consejo Empresarial del MIC\" data-sub-html=\"#lightbox-883154-description\" data-thumbnail=\"https:\/\/capeco.org.py\/wp-content\/uploads\/2026\/08\/consejo-empresarial-MIC-3-reunion-ok-75x50.jpg\" data-thumbTooltip=\"\" data-scaleUp=\"\" data-href=\"\" data-width=\"\" data-height=\"\" data-flashHasPriority=\"\" data-poster=\"\" data-autoplay=\"\" data-audiotitle=\"\" data-html=\"\" href=\"https:\/\/capeco.org.py\/wp-content\/uploads\/2026\/08\/consejo-empresarial-MIC-3-reunion-ok.jpg\" ><img decoding=\"async\" src=\"https:\/\/capeco.org.py\/wp-content\/uploads\/2026\/08\/consejo-empresarial-MIC-3-reunion-ok-640x360.jpg\" alt=\"\" class=\"\" \/><\/a>\r\n\t\t\t<div class=\"lighbox-description hidden\" id=\"lightbox-883154-description\">\r\n\t\t\t\t<strong>(Espa\u00f1ol) Log\u00edstica e infraestructura, algunos de los temas analizados en la 3.\u00aa reuni\u00f3n del Consejo Empresarial del MIC<\/strong><br>\r\n\t\t\t\t\r\n\t\t\t<\/div>\t\t\t\t<span class=\"format-icon icon-pencil\"><\/span>\n\n\t\t\t\n\t<\/figure> \n\t\n\n\t<div class=\"date\"><a href=\"https:\/\/capeco.org.py\/en\/2026\/08\/04\/logistica-e-infraestructura-algunos-de-los-temas-analizados-en-la-3-a-reunion-del-consejo-empresarial-del-mic\/\">Tuesday August  4th, 2026<\/a><\/div> \n\t<div class=\"text entry-content\">\n\n\t\t<!-- blog headline-->\n\t\t<h2 class=\"entry-title\"><a href=\"https:\/\/capeco.org.py\/en\/2026\/08\/04\/logistica-e-infraestructura-algunos-de-los-temas-analizados-en-la-3-a-reunion-del-consejo-empresarial-del-mic\/\" rel=\"bookmark\">(Espa\u00f1ol) Log\u00edstica e infraestructura, algunos de los temas analizados en la 3.\u00aa reuni\u00f3n del Consejo Empresarial del MIC<\/a><\/h2> \n\t\t\t\n\n\t\t<p>Sorry, this entry is only available in Espa\u00f1ol. Como miembro activo, Capeco particip\u00f3 de la 3.\u00aa reuni\u00f3n del Consejo Empresarial del Ministerio de Industria y Comercio (MIC), realizado el 29 de julio, donde fueron analizados temas estrat\u00e9gicos como log\u00edstica, infraestructura y los avances de la Revoluci\u00f3n Industrial impulsada por el MIC. En representaci\u00f3n de Capeco [&hellip;]<\/p>\n\n\t\t\t\t<!-- meta data -->\r\n\t\t<div class=\"post_data\">\r\n\r\n\t\t\t\t\t\t<!-- user -->\r\n\t\t\t<span class=\"icon-user user margin-right20\"><a href=\"https:\/\/capeco.org.py\/en\/author\/prensa\/\" rel=\"author\">David Gonzalez<\/a><\/span>\r\n\t\t\t\r\n\t\t\t\t\t\t<!-- categories -->\r\n\t\t\t<span class=\"icon-flow-cascade categories\"><a href=\"https:\/\/capeco.org.py\/en\/category\/noticias\/\" rel=\"category tag\">Noticias<\/a><\/span>\r\n\t\t\t\r\n\t\t\t\r\n\t\t\t\r\n\t\t<\/div><!-- \/ end div  .post_data -->\r\n\t\n\t<\/div> \n\n<\/article> \n<!-- \/ blog box-->\n \n\n<!-- blog box-->\n<article class=\"loop post-10276 post type-post status-publish format-standard has-post-thumbnail hentry category-noticias tag-capeco tag-importacion-de-maquinarias-agricolas tag-junio-2026 tag-maquinarias-agricolas tag-mf-economia\" id=\"post-10276\">\n\t\t\n\t\n\t\n\t<figure class=\"featured_image featured_media\">\n\n\t\t\n\t\t\t\t<a id=\"lightbox-263768\" class=\"imgeffect zoom lightbox_ featured_image\" data-group=\"image_7754\" title=\"Enlarge Image\" data-title=\"(Espa\u00f1ol) Importaciones de maquinarias agr\u00edcolas crecieron 29,5% en el primer semestre de 2026\" data-sub-html=\"#lightbox-263768-description\" data-thumbnail=\"https:\/\/capeco.org.py\/wp-content\/uploads\/2023\/04\/maiz-cosecha-ok-75x50.jpeg\" data-thumbTooltip=\"\" data-scaleUp=\"\" data-href=\"\" data-width=\"\" data-height=\"\" data-flashHasPriority=\"\" data-poster=\"\" data-autoplay=\"\" data-audiotitle=\"\" data-html=\"\" href=\"https:\/\/capeco.org.py\/wp-content\/uploads\/2023\/04\/maiz-cosecha-ok.jpeg\" ><img decoding=\"async\" src=\"https:\/\/capeco.org.py\/wp-content\/uploads\/2023\/04\/maiz-cosecha-ok-640x360.jpeg\" alt=\"\" class=\"\" \/><\/a>\r\n\t\t\t<div class=\"lighbox-description hidden\" id=\"lightbox-263768-description\">\r\n\t\t\t\t<strong>(Espa\u00f1ol) Importaciones de maquinarias agr\u00edcolas crecieron 29,5% en el primer semestre de 2026<\/strong><br>\r\n\t\t\t\t\r\n\t\t\t<\/div>\t\t\t\t<span class=\"format-icon icon-pencil\"><\/span>\n\n\t\t\t\n\t<\/figure> \n\t\n\n\t<div class=\"date\"><a href=\"https:\/\/capeco.org.py\/en\/2026\/08\/03\/importaciones-de-maquinarias-agricolas-crecieron-295-en-el-primer-semestre-de-2026\/\">Monday August  3rd, 2026<\/a><\/div> \n\t<div class=\"text entry-content\">\n\n\t\t<!-- blog headline-->\n\t\t<h2 class=\"entry-title\"><a href=\"https:\/\/capeco.org.py\/en\/2026\/08\/03\/importaciones-de-maquinarias-agricolas-crecieron-295-en-el-primer-semestre-de-2026\/\" rel=\"bookmark\">(Espa\u00f1ol) Importaciones de maquinarias agr\u00edcolas crecieron 29,5% en el primer semestre de 2026<\/a><\/h2> \n\t\t\t\n\n\t\t<p>Sorry, this entry is only available in Espa\u00f1ol. De acuerdo con los datos correspondientes al primer semestre de 2026, las importaciones de maquinaria agr\u00edcola alcanzaron 1.893 unidades, lo que representa un incremento interanual de 29,5%. En t\u00e9rminos de valor, las compras externas totalizaron USD 177,4 millones, cifra superior en 27% a la observada un a\u00f1o [&hellip;]<\/p>\n\n\t\t\t\t<!-- meta data -->\r\n\t\t<div class=\"post_data\">\r\n\r\n\t\t\t\t\t\t<!-- user -->\r\n\t\t\t<span class=\"icon-user user margin-right20\"><a href=\"https:\/\/capeco.org.py\/en\/author\/prensa\/\" rel=\"author\">David Gonzalez<\/a><\/span>\r\n\t\t\t\r\n\t\t\t\t\t\t<!-- categories -->\r\n\t\t\t<span class=\"icon-flow-cascade categories\"><a href=\"https:\/\/capeco.org.py\/en\/category\/noticias\/\" rel=\"category tag\">Noticias<\/a><\/span>\r\n\t\t\t\r\n\t\t\t\r\n\t\t\t\r\n\t\t<\/div><!-- \/ end div  .post_data -->\r\n\t\n\t<\/div> \n\n<\/article> \n<!-- \/ blog box-->\n \n\n<!-- blog box-->\n<article class=\"loop post-10267 post type-post status-publish format-standard has-post-thumbnail hentry category-noticias category-programas tag-antonina-lopez tag-capeco tag-hugo-pastore tag-jose-berea tag-ministerio-de-justicia tag-nutricion-con-soja tag-penitenciaria-de-emboscada tag-reinsercion-social tag-rse tag-vaca-mecanica\" id=\"post-10267\">\n\t\t\n\t\n\t\n\t<figure class=\"featured_image featured_media\">\n\n\t\t\n\t\t\t\t<a id=\"lightbox-231050\" class=\"imgeffect zoom lightbox_ featured_image\" data-group=\"image_10268\" title=\"Enlarge Image\" data-title=\"(Espa\u00f1ol) Capeco inaugura Centro de Producci\u00f3n de leche y bagazo de soja en la Penitenciar\u00eda de Emboscada\" data-sub-html=\"#lightbox-231050-description\" data-thumbnail=\"https:\/\/capeco.org.py\/wp-content\/uploads\/2026\/07\/emboscada-vaca-mecanica-donacion-75x50.jpeg\" data-thumbTooltip=\"\" data-scaleUp=\"\" data-href=\"\" data-width=\"\" data-height=\"\" data-flashHasPriority=\"\" data-poster=\"\" data-autoplay=\"\" data-audiotitle=\"\" data-html=\"\" href=\"https:\/\/capeco.org.py\/wp-content\/uploads\/2026\/07\/emboscada-vaca-mecanica-donacion.jpeg\" ><img decoding=\"async\" src=\"https:\/\/capeco.org.py\/wp-content\/uploads\/2026\/07\/emboscada-vaca-mecanica-donacion-640x360.jpeg\" alt=\"\" class=\"\" \/><\/a>\r\n\t\t\t<div class=\"lighbox-description hidden\" id=\"lightbox-231050-description\">\r\n\t\t\t\t<strong>(Espa\u00f1ol) Capeco inaugura Centro de Producci\u00f3n de leche y bagazo de soja en la Penitenciar\u00eda de Emboscada<\/strong><br>\r\n\t\t\t\t\r\n\t\t\t<\/div>\t\t\t\t<span class=\"format-icon icon-pencil\"><\/span>\n\n\t\t\t\n\t<\/figure> \n\t\n\n\t<div class=\"date\"><a href=\"https:\/\/capeco.org.py\/en\/2026\/07\/24\/capeco-inaugura-centro-de-produccion-de-leche-y-bagazo-de-soja-en-la-penitenciaria-de-emboscada\/\">Friday July 24th, 2026<\/a><\/div> \n\t<div class=\"text entry-content\">\n\n\t\t<!-- blog headline-->\n\t\t<h2 class=\"entry-title\"><a href=\"https:\/\/capeco.org.py\/en\/2026\/07\/24\/capeco-inaugura-centro-de-produccion-de-leche-y-bagazo-de-soja-en-la-penitenciaria-de-emboscada\/\" rel=\"bookmark\">(Espa\u00f1ol) Capeco inaugura Centro de Producci\u00f3n de leche y bagazo de soja en la Penitenciar\u00eda de Emboscada<\/a><\/h2> \n\t\t\t\n\n\t\t<p>Sorry, this entry is only available in Espa\u00f1ol. Este viernes 24 de julio inauguramos un Centro de Producci\u00f3n de leche y bagazo de soja en la Penitenciar\u00eda Padre Juan Antonio de la Vega de Emboscada y oficializamos la donaci\u00f3n de una m\u00e1quina procesadora de granos de soja, como parte de nuestro programa de RSE \u201cNutrici\u00f3n [&hellip;]<\/p>\n\n\t\t\t\t<!-- meta data -->\r\n\t\t<div class=\"post_data\">\r\n\r\n\t\t\t\t\t\t<!-- user -->\r\n\t\t\t<span class=\"icon-user user margin-right20\"><a href=\"https:\/\/capeco.org.py\/en\/author\/prensa\/\" rel=\"author\">David Gonzalez<\/a><\/span>\r\n\t\t\t\r\n\t\t\t\t\t\t<!-- categories -->\r\n\t\t\t<span class=\"icon-flow-cascade categories\"><a href=\"https:\/\/capeco.org.py\/en\/category\/noticias\/\" rel=\"category tag\">Noticias<\/a>, <a href=\"https:\/\/capeco.org.py\/en\/category\/programas\/\" rel=\"category tag\"><\/a><\/span>\r\n\t\t\t\r\n\t\t\t\r\n\t\t\t\r\n\t\t<\/div><!-- \/ end div  .post_data -->\r\n\t\n\t<\/div> \n\n<\/article> \n<!-- \/ blog box-->\n<\/div>\n<div class=\"paging_wrapper margin-t30 margin-b30\"><ul class=\"page-numbers\">\n\t<li><span aria-current=\"page\" class=\"page-numbers current\">1<\/span><\/li>\n\t<li><a class=\"page-numbers\" href=\"https:\/\/capeco.org.py\/en\/wp-json\/wp\/v2\/pages\/2692\/page\/2\/\">2<\/a><\/li>\n\t<li><a class=\"page-numbers\" href=\"https:\/\/capeco.org.py\/en\/wp-json\/wp\/v2\/pages\/2692\/page\/3\/\">3<\/a><\/li>\n\t<li><span class=\"page-numbers dots\">&hellip;<\/span><\/li>\n\t<li><a class=\"page-numbers\" href=\"https:\/\/capeco.org.py\/en\/wp-json\/wp\/v2\/pages\/2692\/page\/67\/\">67<\/a><\/li>\n\t<li><a class=\"next page-numbers\" href=\"https:\/\/capeco.org.py\/en\/wp-json\/wp\/v2\/pages\/2692\/page\/2\/\"><span class=\"icon-angle-right\"><\/span><\/a><\/li>\n<\/ul>\n<\/div>[\/vc_column][\/vc_row]<\/p>","protected":false},"excerpt":{"rendered":"<p>Sorry, this entry is only available in Espa\u00f1ol.[vc_row rt_row_background_width=&#8221;default&#8221; rt_row_content_width=&#8221;default&#8221; rt_row_style=&#8221;default-style&#8221; rt_row_borders=&#8221;&#8221; rt_overlap=&#8221;&#8221; rt_grid=&#8221;&#8221; rt_row_paddings=&#8221;true&#8221; id=&#8221;&#8221; rt_bg_effect=&#8221;classic&#8221; rt_bg_parallax_effect=&#8221;1&#8243; rt_bg_image_repeat=&#8221;repeat&#8221; rt_bg_size=&#8221;cover&#8221; rt_bg_position=&#8221;right top&#8221; rt_bg_attachment=&#8221;scroll&#8221;][vc_column width=&#8221;1\/1&#8243; rt_color_set=&#8221;global-style&#8221; id=&#8221;&#8221; rt_bg_image_repeat=&#8221;repeat&#8221; rt_bg_size=&#8221;auto auto&#8221; rt_bg_attachment=&#8221;scroll&#8221;][\/vc_column][\/vc_row][vc_row rt_row_background_width=&#8221;default&#8221; rt_row_content_width=&#8221;default&#8221; rt_row_style=&#8221;default-style&#8221; rt_row_borders=&#8221;&#8221; rt_overlap=&#8221;&#8221; rt_grid=&#8221;&#8221; rt_row_paddings=&#8221;true&#8221; id=&#8221;&#8221; rt_bg_effect=&#8221;classic&#8221; rt_bg_parallax_effect=&#8221;1&#8243; rt_bg_image_repeat=&#8221;repeat&#8221; rt_bg_size=&#8221;cover&#8221; rt_bg_position=&#8221;right top&#8221; rt_bg_attachment=&#8221;scroll&#8221;][vc_column width=&#8221;1\/1&#8243; rt_color_set=&#8221;global-style&#8221; id=&#8221;&#8221; rt_bg_image_repeat=&#8221;repeat&#8221; rt_bg_size=&#8221;auto auto&#8221; rt_bg_attachment=&#8221;scroll&#8221;][\/vc_column][\/vc_row]<\/p>\n","protected":false},"author":9,"featured_media":3385,"parent":0,"menu_order":69,"comment_status":"open","ping_status":"closed","template":"","meta":{"_acf_changed":false,"ngg_post_thumbnail":0,"footnotes":""},"categories":[],"tags":[],"class_list":["post-2692","page","type-page","status-publish","has-post-thumbnail","hentry"],"better_featured_image":{"id":3385,"alt_text":"","caption":"","description":"","media_type":"image","media_details":{"width":980,"height":162,"file":"2015\/08\/perspectivas-climaticas.png","sizes":{"thumbnail":{"file":"perspectivas-climaticas-150x150.png","width":150,"height":150,"mime-type":"image\/png","source_url":"https:\/\/capeco.org.py\/wp-content\/uploads\/2015\/08\/perspectivas-climaticas-150x150.png"},"medium":{"file":"perspectivas-climaticas-300x50.png","width":300,"height":50,"mime-type":"image\/png","source_url":"https:\/\/capeco.org.py\/wp-content\/uploads\/2015\/08\/perspectivas-climaticas-300x50.png"},"large":{"file":"perspectivas-climaticas-930x154.png","width":930,"height":154,"mime-type":"image\/png","source_url":"https:\/\/capeco.org.py\/wp-content\/uploads\/2015\/08\/perspectivas-climaticas-930x154.png"}},"image_meta":{"aperture":0,"credit":"","camera":"","caption":"","created_timestamp":0,"copyright":"","focal_length":0,"iso":0,"shutter_speed":0,"title":"","orientation":0}},"post":null,"source_url":"https:\/\/capeco.org.py\/wp-content\/uploads\/2015\/08\/perspectivas-climaticas.png"},"acf":[],"_links":{"self":[{"href":"https:\/\/capeco.org.py\/en\/wp-json\/wp\/v2\/pages\/2692","targetHints":{"allow":["GET"]}}],"collection":[{"href":"https:\/\/capeco.org.py\/en\/wp-json\/wp\/v2\/pages"}],"about":[{"href":"https:\/\/capeco.org.py\/en\/wp-json\/wp\/v2\/types\/page"}],"author":[{"embeddable":true,"href":"https:\/\/capeco.org.py\/en\/wp-json\/wp\/v2\/users\/9"}],"replies":[{"embeddable":true,"href":"https:\/\/capeco.org.py\/en\/wp-json\/wp\/v2\/comments?post=2692"}],"version-history":[{"count":11,"href":"https:\/\/capeco.org.py\/en\/wp-json\/wp\/v2\/pages\/2692\/revisions"}],"predecessor-version":[{"id":3529,"href":"https:\/\/capeco.org.py\/en\/wp-json\/wp\/v2\/pages\/2692\/revisions\/3529"}],"wp:featuredmedia":[{"embeddable":true,"href":"https:\/\/capeco.org.py\/en\/wp-json\/wp\/v2\/media\/3385"}],"wp:attachment":[{"href":"https:\/\/capeco.org.py\/en\/wp-json\/wp\/v2\/media?parent=2692"}],"wp:term":[{"taxonomy":"category","embeddable":true,"href":"https:\/\/capeco.org.py\/en\/wp-json\/wp\/v2\/categories?post=2692"},{"taxonomy":"post_tag","embeddable":true,"href":"https:\/\/capeco.org.py\/en\/wp-json\/wp\/v2\/tags?post=2692"}],"curies":[{"name":"wp","href":"https:\/\/api.w.org\/{rel}","templated":true}]}}