{"id":2692,"date":"2015-06-05T21:32:34","date_gmt":"2015-06-05T21:32:34","guid":{"rendered":"http:\/\/capeco.org.py\/?page_id=2692"},"modified":"2015-10-13T15:09:08","modified_gmt":"2015-10-13T15:09:08","slug":"noticias","status":"publish","type":"page","link":"https:\/\/capeco.org.py\/en\/noticias\/","title":{"rendered":"Noticias"},"content":{"rendered":"<p class=\"qtranxs-available-languages-message qtranxs-available-languages-message-en\">Sorry, this entry is only available in <a href=\"https:\/\/capeco.org.py\/es\/wp-json\/wp\/v2\/pages\/2692\" class=\"qtranxs-available-language-link qtranxs-available-language-link-es\" title=\"Espa\u00f1ol\">Espa\u00f1ol<\/a>.<\/p><p>[vc_row rt_row_background_width=&#8221;default&#8221; rt_row_content_width=&#8221;default&#8221; rt_row_style=&#8221;default-style&#8221; rt_row_borders=&#8221;&#8221; rt_overlap=&#8221;&#8221; rt_grid=&#8221;&#8221; rt_row_paddings=&#8221;true&#8221; id=&#8221;&#8221; rt_bg_effect=&#8221;classic&#8221; rt_bg_parallax_effect=&#8221;1&#8243; rt_bg_image_repeat=&#8221;repeat&#8221; rt_bg_size=&#8221;cover&#8221; rt_bg_position=&#8221;right top&#8221; rt_bg_attachment=&#8221;scroll&#8221;][vc_column width=&#8221;1\/1&#8243; rt_color_set=&#8221;global-style&#8221; id=&#8221;&#8221; rt_bg_image_repeat=&#8221;repeat&#8221; rt_bg_size=&#8221;auto auto&#8221; rt_bg_attachment=&#8221;scroll&#8221;]<div class=\"rt_heading_wrapper style-1\">\n\t\t\t\t\t\t<h2 class=\"rt_heading  style-1\" >Noticias<\/h2>\n\t\t\t\t\t<\/div>[\/vc_column][\/vc_row][vc_row rt_row_background_width=&#8221;default&#8221; rt_row_content_width=&#8221;default&#8221; rt_row_style=&#8221;default-style&#8221; rt_row_borders=&#8221;&#8221; rt_overlap=&#8221;&#8221; rt_grid=&#8221;&#8221; rt_row_paddings=&#8221;true&#8221; id=&#8221;&#8221; rt_bg_effect=&#8221;classic&#8221; rt_bg_parallax_effect=&#8221;1&#8243; rt_bg_image_repeat=&#8221;repeat&#8221; rt_bg_size=&#8221;cover&#8221; rt_bg_position=&#8221;right top&#8221; rt_bg_attachment=&#8221;scroll&#8221;][vc_column width=&#8221;1\/1&#8243; rt_color_set=&#8221;global-style&#8221; id=&#8221;&#8221; rt_bg_image_repeat=&#8221;repeat&#8221; rt_bg_size=&#8221;auto auto&#8221; rt_bg_attachment=&#8221;scroll&#8221;]\n<div id=\"blog-dynamicID-857614\" class=\"blog_list clearfix \" data-column-width=\"1\">\n \n\n<!-- blog box-->\n<article class=\"loop post-10133 post type-post status-publish format-standard has-post-thumbnail hentry category-noticias tag-capeco tag-chaco tag-rally-de-la-soja-2026\" id=\"post-10133\">\n\t\t\n\t\n\t\n\t<figure class=\"featured_image featured_media\">\n\n\t\t\n\t\t\t\t<a id=\"lightbox-857382\" class=\"imgeffect zoom lightbox_ featured_image\" data-group=\"image_8926\" title=\"Enlarge Image\" data-title=\"(Espa\u00f1ol) Suspendido el Rally de la Soja 2026 por lluvias\" data-sub-html=\"#lightbox-857382-description\" data-thumbnail=\"https:\/\/capeco.org.py\/wp-content\/uploads\/2024\/05\/DJI_0052-scaled-75x50.jpg\" data-thumbTooltip=\"\" data-scaleUp=\"\" data-href=\"\" data-width=\"\" data-height=\"\" data-flashHasPriority=\"\" data-poster=\"\" data-autoplay=\"\" data-audiotitle=\"\" data-html=\"\" href=\"https:\/\/capeco.org.py\/wp-content\/uploads\/2024\/05\/DJI_0052-scaled.jpg\" ><img decoding=\"async\" src=\"https:\/\/capeco.org.py\/wp-content\/uploads\/2024\/05\/DJI_0052-scaled-640x360.jpg\" alt=\"\" class=\"\" \/><\/a>\r\n\t\t\t<div class=\"lighbox-description hidden\" id=\"lightbox-857382-description\">\r\n\t\t\t\t<strong>(Espa\u00f1ol) Suspendido el Rally de la Soja 2026 por lluvias<\/strong><br>\r\n\t\t\t\t\r\n\t\t\t<\/div>\t\t\t\t<span class=\"format-icon icon-pencil\"><\/span>\n\n\t\t\t\n\t<\/figure> \n\t\n\n\t<div class=\"date\"><a href=\"https:\/\/capeco.org.py\/en\/2026\/04\/22\/suspendido-el-rally-de-la-soja-2026-por-lluvias\/\">Wednesday April 22nd, 2026<\/a><\/div> \n\t<div class=\"text entry-content\">\n\n\t\t<!-- blog headline-->\n\t\t<h2 class=\"entry-title\"><a href=\"https:\/\/capeco.org.py\/en\/2026\/04\/22\/suspendido-el-rally-de-la-soja-2026-por-lluvias\/\" rel=\"bookmark\">(Espa\u00f1ol) Suspendido el Rally de la Soja 2026 por lluvias<\/a><\/h2> \n\t\t\t\n\n\t\t<p>Sorry, this entry is only available in Espa\u00f1ol. El Rally de la Soja 2026, que deb\u00eda realizarse los d\u00edas 23 y 24 de abril, en las zonas de Picada Jord\u00e1n, 4 Caminos, Zenteno y Alihuat\u00e1, fue suspendido, debido a las lluvias registradas y a la inestabilidad clim\u00e1tica persistente. La intenci\u00f3n es no comprometer los caminos [&hellip;]<\/p>\n\n\t\t\t\t<!-- meta data -->\r\n\t\t<div class=\"post_data\">\r\n\r\n\t\t\t\t\t\t<!-- user -->\r\n\t\t\t<span class=\"icon-user user margin-right20\"><a href=\"https:\/\/capeco.org.py\/en\/author\/prensa\/\" title=\"Posts by David Gonzalez\" rel=\"author\">David Gonzalez<\/a><\/span>\r\n\t\t\t\r\n\t\t\t\t\t\t<!-- categories -->\r\n\t\t\t<span class=\"icon-flow-cascade categories\"><a href=\"https:\/\/capeco.org.py\/en\/category\/noticias\/\" rel=\"category tag\">Noticias<\/a><\/span>\r\n\t\t\t\r\n\t\t\t\r\n\t\t\t\r\n\t\t<\/div><!-- \/ end div  .post_data -->\r\n\t\n\t<\/div> \n\n<\/article> \n<!-- \/ blog box-->\n \n\n<!-- blog box-->\n<article class=\"loop post-10128 post type-post status-publish format-standard has-post-thumbnail hentry category-noticias tag-capeco tag-granos tag-maiz tag-mercado-internacional-de-granos tag-mf-econocmia tag-soja tag-trigo tag-usda\" id=\"post-10128\">\n\t\t\n\t\n\t\n\t<figure class=\"featured_image featured_media\">\n\n\t\t\n\t\t\t\t<a id=\"lightbox-453081\" class=\"imgeffect zoom lightbox_ featured_image\" data-group=\"image_7436\" title=\"Enlarge Image\" data-title=\"Balance mundial de granos presenta ajustes en la campa\u00f1a 2025\/26\" data-sub-html=\"#lightbox-453081-description\" data-thumbnail=\"https:\/\/capeco.org.py\/wp-content\/uploads\/2022\/10\/soja-granos-75x50.jpg\" data-thumbTooltip=\"\" data-scaleUp=\"\" data-href=\"\" data-width=\"\" data-height=\"\" data-flashHasPriority=\"\" data-poster=\"\" data-autoplay=\"\" data-audiotitle=\"\" data-html=\"\" href=\"https:\/\/capeco.org.py\/wp-content\/uploads\/2022\/10\/soja-granos.jpg\" ><img decoding=\"async\" src=\"https:\/\/capeco.org.py\/wp-content\/uploads\/2022\/10\/soja-granos-640x360.jpg\" alt=\"\" class=\"\" \/><\/a>\r\n\t\t\t<div class=\"lighbox-description hidden\" id=\"lightbox-453081-description\">\r\n\t\t\t\t<strong>Balance mundial de granos presenta ajustes en la campa\u00f1a 2025\/26<\/strong><br>\r\n\t\t\t\t\r\n\t\t\t<\/div>\t\t\t\t<span class=\"format-icon icon-pencil\"><\/span>\n\n\t\t\t\n\t<\/figure> \n\t\n\n\t<div class=\"date\"><a href=\"https:\/\/capeco.org.py\/en\/2026\/04\/17\/balance-mundial-de-granos-presenta-ajustes-en-la-campana-2025-26\/\">Friday April 17th, 2026<\/a><\/div> \n\t<div class=\"text entry-content\">\n\n\t\t<!-- blog headline-->\n\t\t<h2 class=\"entry-title\"><a href=\"https:\/\/capeco.org.py\/en\/2026\/04\/17\/balance-mundial-de-granos-presenta-ajustes-en-la-campana-2025-26\/\" rel=\"bookmark\">Balance mundial de granos presenta ajustes en la campa\u00f1a 2025\/26<\/a><\/h2> \n\t\t\t\n\n\t\t<p>Sorry, this entry is only available in Espa\u00f1ol. De acuerdo con el informe m\u00e1s reciente del Departamento de Agricultura de los Estados Unidos (USDA por sus siglas en ingl\u00e9s), el balance mundial de los principales granos para la campa\u00f1a 2025\/26 presenta ajustes diferenciados entre productos. Adem\u00e1s, de cambios en la oferta, el consumo, el comercio [&hellip;]<\/p>\n\n\t\t\t\t<!-- meta data -->\r\n\t\t<div class=\"post_data\">\r\n\r\n\t\t\t\t\t\t<!-- user -->\r\n\t\t\t<span class=\"icon-user user margin-right20\"><a href=\"https:\/\/capeco.org.py\/en\/author\/prensa\/\" title=\"Posts by David Gonzalez\" rel=\"author\">David Gonzalez<\/a><\/span>\r\n\t\t\t\r\n\t\t\t\t\t\t<!-- categories -->\r\n\t\t\t<span class=\"icon-flow-cascade categories\"><a href=\"https:\/\/capeco.org.py\/en\/category\/noticias\/\" rel=\"category tag\">Noticias<\/a><\/span>\r\n\t\t\t\r\n\t\t\t\r\n\t\t\t\r\n\t\t<\/div><!-- \/ end div  .post_data -->\r\n\t\n\t<\/div> \n\n<\/article> \n<!-- \/ blog box-->\n \n\n<!-- blog box-->\n<article class=\"loop post-10126 post type-post status-publish format-standard has-post-thumbnail hentry category-noticias tag-capeco tag-comercio-exterior tag-exportaciones tag-marzo-2026 tag-soja tag-sonia-tomassone\" id=\"post-10126\">\n\t\t\n\t\n\t\n\t<figure class=\"featured_image featured_media\">\n\n\t\t\n\t\t\t\t<a id=\"lightbox-854281\" class=\"imgeffect zoom lightbox_ featured_image\" data-group=\"image_9951\" title=\"Enlarge Image\" data-title=\"(Espa\u00f1ol) Muy buena producci\u00f3n de soja catapult\u00f3 los env\u00edos del grano y sus derivados en el primer trimestre\" data-sub-html=\"#lightbox-854281-description\" data-thumbnail=\"https:\/\/capeco.org.py\/wp-content\/uploads\/2025\/11\/barcaza-soja-hidrovia-75x50.jpg\" data-thumbTooltip=\"\" data-scaleUp=\"\" data-href=\"\" data-width=\"\" data-height=\"\" data-flashHasPriority=\"\" data-poster=\"\" data-autoplay=\"\" data-audiotitle=\"\" data-html=\"\" href=\"https:\/\/capeco.org.py\/wp-content\/uploads\/2025\/11\/barcaza-soja-hidrovia.jpg\" ><img decoding=\"async\" src=\"https:\/\/capeco.org.py\/wp-content\/uploads\/2025\/11\/barcaza-soja-hidrovia-640x360.jpg\" alt=\"\" class=\"\" \/><\/a>\r\n\t\t\t<div class=\"lighbox-description hidden\" id=\"lightbox-854281-description\">\r\n\t\t\t\t<strong>(Espa\u00f1ol) Muy buena producci\u00f3n de soja catapult\u00f3 los env\u00edos del grano y sus derivados en el primer trimestre<\/strong><br>\r\n\t\t\t\t\r\n\t\t\t<\/div>\t\t\t\t<span class=\"format-icon icon-pencil\"><\/span>\n\n\t\t\t\n\t<\/figure> \n\t\n\n\t<div class=\"date\"><a href=\"https:\/\/capeco.org.py\/en\/2026\/04\/15\/muy-buena-produccion-de-soja-catapulto-los-envios-del-grano-y-sus-derivados-en-el-primer-trimestre\/\">Wednesday April 15th, 2026<\/a><\/div> \n\t<div class=\"text entry-content\">\n\n\t\t<!-- blog headline-->\n\t\t<h2 class=\"entry-title\"><a href=\"https:\/\/capeco.org.py\/en\/2026\/04\/15\/muy-buena-produccion-de-soja-catapulto-los-envios-del-grano-y-sus-derivados-en-el-primer-trimestre\/\" rel=\"bookmark\">(Espa\u00f1ol) Muy buena producci\u00f3n de soja catapult\u00f3 los env\u00edos del grano y sus derivados en el primer trimestre<\/a><\/h2> \n\t\t\t\n\n\t\t<p>Sorry, this entry is only available in Espa\u00f1ol. La muy buena campa\u00f1a de soja 2025\/2026 se tradujo en un mayor volumen de exportaci\u00f3n tanto de soja en grano como de sus derivados (aceites y pellets) al cierre del primer trimestre de este a\u00f1o. De acuerdo con el Informe de Comercio Exterior de la C\u00e1mara Paraguaya [&hellip;]<\/p>\n\n\t\t\t\t<!-- meta data -->\r\n\t\t<div class=\"post_data\">\r\n\r\n\t\t\t\t\t\t<!-- user -->\r\n\t\t\t<span class=\"icon-user user margin-right20\"><a href=\"https:\/\/capeco.org.py\/en\/author\/prensa\/\" title=\"Posts by David Gonzalez\" rel=\"author\">David Gonzalez<\/a><\/span>\r\n\t\t\t\r\n\t\t\t\t\t\t<!-- categories -->\r\n\t\t\t<span class=\"icon-flow-cascade categories\"><a href=\"https:\/\/capeco.org.py\/en\/category\/noticias\/\" rel=\"category tag\">Noticias<\/a><\/span>\r\n\t\t\t\r\n\t\t\t\r\n\t\t\t\r\n\t\t<\/div><!-- \/ end div  .post_data -->\r\n\t\n\t<\/div> \n\n<\/article> \n<!-- \/ blog box-->\n \n\n<!-- blog box-->\n<article class=\"loop post-10120 post type-post status-publish format-standard has-post-thumbnail hentry category-noticias tag-capeco tag-chaco-paraguayo tag-rally-de-la-soja-2026\" id=\"post-10120\">\n\t\t\n\t\n\t\n\t<figure class=\"featured_image featured_media\">\n\n\t\t\n\t\t\t\t<a id=\"lightbox-332330\" class=\"imgeffect zoom lightbox_ featured_image\" data-group=\"image_8938\" title=\"Enlarge Image\" data-title=\"(Espa\u00f1ol) Rally de la Soja 2026: Recuperaci\u00f3n de peladares, integraci\u00f3n agr\u00edcola-ganadera, sistema de siembra directa, manejo de agua y suelo, y rotaci\u00f3n de cultivos con gram\u00edneas\" data-sub-html=\"#lightbox-332330-description\" data-thumbnail=\"https:\/\/capeco.org.py\/wp-content\/uploads\/2024\/05\/DJI_0118-scaled-75x50.jpg\" data-thumbTooltip=\"\" data-scaleUp=\"\" data-href=\"\" data-width=\"\" data-height=\"\" data-flashHasPriority=\"\" data-poster=\"\" data-autoplay=\"\" data-audiotitle=\"\" data-html=\"\" href=\"https:\/\/capeco.org.py\/wp-content\/uploads\/2024\/05\/DJI_0118-scaled.jpg\" ><img decoding=\"async\" src=\"https:\/\/capeco.org.py\/wp-content\/uploads\/2024\/05\/DJI_0118-scaled-640x360.jpg\" alt=\"\" class=\"\" \/><\/a>\r\n\t\t\t<div class=\"lighbox-description hidden\" id=\"lightbox-332330-description\">\r\n\t\t\t\t<strong>(Espa\u00f1ol) Rally de la Soja 2026: Recuperaci\u00f3n de peladares, integraci\u00f3n agr\u00edcola-ganadera, sistema de siembra directa, manejo de agua y suelo, y rotaci\u00f3n de cultivos con gram\u00edneas<\/strong><br>\r\n\t\t\t\t\r\n\t\t\t<\/div>\t\t\t\t<span class=\"format-icon icon-pencil\"><\/span>\n\n\t\t\t\n\t<\/figure> \n\t\n\n\t<div class=\"date\"><a href=\"https:\/\/capeco.org.py\/en\/2026\/04\/14\/rally-de-la-soja-2026-recuperacion-de-peladares-integracion-agricola-ganadera-sistema-de-siembra-directa-manejo-de-agua-y-suelo-y-rotacion-de-cultivos-con-gramineas\/\">Tuesday April 14th, 2026<\/a><\/div> \n\t<div class=\"text entry-content\">\n\n\t\t<!-- blog headline-->\n\t\t<h2 class=\"entry-title\"><a href=\"https:\/\/capeco.org.py\/en\/2026\/04\/14\/rally-de-la-soja-2026-recuperacion-de-peladares-integracion-agricola-ganadera-sistema-de-siembra-directa-manejo-de-agua-y-suelo-y-rotacion-de-cultivos-con-gramineas\/\" rel=\"bookmark\">(Espa\u00f1ol) Rally de la Soja 2026: Recuperaci\u00f3n de peladares, integraci\u00f3n agr\u00edcola-ganadera, sistema de siembra directa, manejo de agua y suelo, y rotaci\u00f3n de cultivos con gram\u00edneas<\/a><\/h2> \n\t\t\t\n\n\t\t<p>Sorry, this entry is only available in Espa\u00f1ol. Un intenso programa prepara el Rally de la Soja 2026, organizado por Capeco, que, durante los d\u00edas 23 y 24 de abril, mostrar\u00e1 los trabajos de recuperaci\u00f3n de peladares, integraci\u00f3n agr\u00edcola-ganadera, sistema de siembra directa, manejo de agua y suelo, y rotaci\u00f3n de cultivos con diversas especies [&hellip;]<\/p>\n\n\t\t\t\t<!-- meta data -->\r\n\t\t<div class=\"post_data\">\r\n\r\n\t\t\t\t\t\t<!-- user -->\r\n\t\t\t<span class=\"icon-user user margin-right20\"><a href=\"https:\/\/capeco.org.py\/en\/author\/prensa\/\" title=\"Posts by David Gonzalez\" rel=\"author\">David Gonzalez<\/a><\/span>\r\n\t\t\t\r\n\t\t\t\t\t\t<!-- categories -->\r\n\t\t\t<span class=\"icon-flow-cascade categories\"><a href=\"https:\/\/capeco.org.py\/en\/category\/noticias\/\" rel=\"category tag\">Noticias<\/a><\/span>\r\n\t\t\t\r\n\t\t\t\r\n\t\t\t\r\n\t\t<\/div><!-- \/ end div  .post_data -->\r\n\t\n\t<\/div> \n\n<\/article> \n<!-- \/ blog box-->\n \n\n<!-- blog box-->\n<article class=\"loop post-10117 post type-post status-publish format-standard has-post-thumbnail hentry category-noticias tag-ercilio-duarte tag-jose-berea tag-leche-y-bagazo-de-soja tag-nutricion-con-soja tag-parroquia-santa-ana tag-responsabilidad-social tag-rse\" id=\"post-10117\">\n\t\t\n\t\n\t\n\t<figure class=\"featured_image featured_media\">\n\n\t\t\n\t\t\t\t<a id=\"lightbox-964862\" class=\"imgeffect zoom lightbox_ featured_image\" data-group=\"image_10118\" title=\"Enlarge Image\" data-title=\"(Espa\u00f1ol) Capeco y Parroquia Santa Ana renovaron convenio para continuar con producci\u00f3n de leche y bagazo de soja\" data-sub-html=\"#lightbox-964862-description\" data-thumbnail=\"https:\/\/capeco.org.py\/wp-content\/uploads\/2026\/04\/renovacion-convenio-santa-ana-RSE-75x50.jpeg\" data-thumbTooltip=\"\" data-scaleUp=\"\" data-href=\"\" data-width=\"\" data-height=\"\" data-flashHasPriority=\"\" data-poster=\"\" data-autoplay=\"\" data-audiotitle=\"\" data-html=\"\" href=\"https:\/\/capeco.org.py\/wp-content\/uploads\/2026\/04\/renovacion-convenio-santa-ana-RSE.jpeg\" ><img decoding=\"async\" src=\"https:\/\/capeco.org.py\/wp-content\/uploads\/2026\/04\/renovacion-convenio-santa-ana-RSE-640x360.jpeg\" alt=\"\" class=\"\" \/><\/a>\r\n\t\t\t<div class=\"lighbox-description hidden\" id=\"lightbox-964862-description\">\r\n\t\t\t\t<strong>(Espa\u00f1ol) Capeco y Parroquia Santa Ana renovaron convenio para continuar con producci\u00f3n de leche y bagazo de soja<\/strong><br>\r\n\t\t\t\t\r\n\t\t\t<\/div>\t\t\t\t<span class=\"format-icon icon-pencil\"><\/span>\n\n\t\t\t\n\t<\/figure> \n\t\n\n\t<div class=\"date\"><a href=\"https:\/\/capeco.org.py\/en\/2026\/04\/14\/capeco-y-parroquia-santa-ana-renovaron-convenio-para-continuar-con-produccion-de-leche-y-bagazo-de-soja\/\">Tuesday April 14th, 2026<\/a><\/div> \n\t<div class=\"text entry-content\">\n\n\t\t<!-- blog headline-->\n\t\t<h2 class=\"entry-title\"><a href=\"https:\/\/capeco.org.py\/en\/2026\/04\/14\/capeco-y-parroquia-santa-ana-renovaron-convenio-para-continuar-con-produccion-de-leche-y-bagazo-de-soja\/\" rel=\"bookmark\">(Espa\u00f1ol) Capeco y Parroquia Santa Ana renovaron convenio para continuar con producci\u00f3n de leche y bagazo de soja<\/a><\/h2> \n\t\t\t\n\n\t\t<p>Sorry, this entry is only available in Espa\u00f1ol. Capeco renov\u00f3 el convenio con la Parroquia Santa Ana, de Asunci\u00f3n, que permitir\u00e1 continuar con el trabajo de responsabilidad social desarrollado en el lugar, por medio del centro de producci\u00f3n y distribuci\u00f3n de leche y bagazo de soja instalado en el predio de la iglesia, dentro del [&hellip;]<\/p>\n\n\t\t\t\t<!-- meta data -->\r\n\t\t<div class=\"post_data\">\r\n\r\n\t\t\t\t\t\t<!-- user -->\r\n\t\t\t<span class=\"icon-user user margin-right20\"><a href=\"https:\/\/capeco.org.py\/en\/author\/prensa\/\" title=\"Posts by David Gonzalez\" rel=\"author\">David Gonzalez<\/a><\/span>\r\n\t\t\t\r\n\t\t\t\t\t\t<!-- categories -->\r\n\t\t\t<span class=\"icon-flow-cascade categories\"><a href=\"https:\/\/capeco.org.py\/en\/category\/noticias\/\" rel=\"category tag\">Noticias<\/a><\/span>\r\n\t\t\t\r\n\t\t\t\r\n\t\t\t\r\n\t\t<\/div><!-- \/ end div  .post_data -->\r\n\t\n\t<\/div> \n\n<\/article> \n<!-- \/ blog box-->\n \n\n<!-- blog box-->\n<article class=\"loop post-10094 post type-post status-publish format-standard has-post-thumbnail hentry category-noticias tag-asamblea-general-ordinaria-2026 tag-capeco tag-consejo-directivo tag-jose-berea\" id=\"post-10094\">\n\t\t\n\t\n\t\n\t<figure class=\"featured_image featured_media\">\n\n\t\t\n\t\t\t\t<a id=\"lightbox-566044\" class=\"imgeffect zoom lightbox_ featured_image\" data-group=\"image_10095\" title=\"Enlarge Image\" data-title=\"(Espa\u00f1ol) Capeco renov\u00f3 su Consejo Directivo y Jos\u00e9 Berea fue reelecto como presidente\" data-sub-html=\"#lightbox-566044-description\" data-thumbnail=\"https:\/\/capeco.org.py\/wp-content\/uploads\/2026\/03\/asamblea-general-ordinaria-2026-scaled-75x50.jpg\" data-thumbTooltip=\"\" data-scaleUp=\"\" data-href=\"\" data-width=\"\" data-height=\"\" data-flashHasPriority=\"\" data-poster=\"\" data-autoplay=\"\" data-audiotitle=\"\" data-html=\"\" href=\"https:\/\/capeco.org.py\/wp-content\/uploads\/2026\/03\/asamblea-general-ordinaria-2026-scaled.jpg\" ><img decoding=\"async\" src=\"https:\/\/capeco.org.py\/wp-content\/uploads\/2026\/03\/asamblea-general-ordinaria-2026-scaled-640x360.jpg\" alt=\"\" class=\"\" \/><\/a>\r\n\t\t\t<div class=\"lighbox-description hidden\" id=\"lightbox-566044-description\">\r\n\t\t\t\t<strong>(Espa\u00f1ol) Capeco renov\u00f3 su Consejo Directivo y Jos\u00e9 Berea fue reelecto como presidente<\/strong><br>\r\n\t\t\t\t\r\n\t\t\t<\/div>\t\t\t\t<span class=\"format-icon icon-pencil\"><\/span>\n\n\t\t\t\n\t<\/figure> \n\t\n\n\t<div class=\"date\"><a href=\"https:\/\/capeco.org.py\/en\/2026\/03\/27\/capeco-renovo-su-consejo-directivo-y-jose-berea-fue-reelecto-como-presidente\/\">Friday March 27th, 2026<\/a><\/div> \n\t<div class=\"text entry-content\">\n\n\t\t<!-- blog headline-->\n\t\t<h2 class=\"entry-title\"><a href=\"https:\/\/capeco.org.py\/en\/2026\/03\/27\/capeco-renovo-su-consejo-directivo-y-jose-berea-fue-reelecto-como-presidente\/\" rel=\"bookmark\">(Espa\u00f1ol) Capeco renov\u00f3 su Consejo Directivo y Jos\u00e9 Berea fue reelecto como presidente<\/a><\/h2> \n\t\t\t\n\n\t\t<p>Sorry, this entry is only available in Espa\u00f1ol. El se\u00f1or Jos\u00e9 Berea fue reelecto como presidente de la C\u00e1mara Paraguaya de Exportadores y Comercializadores de Cereales y Oleaginosas (Capeco) para el periodo 2026-2028, el pasado 24 de marzo, durante la Asamblea General Ordinaria, ocasi\u00f3n en la que fueron designados tambi\u00e9n los miembros del Consejo Directivo. [&hellip;]<\/p>\n\n\t\t\t\t<!-- meta data -->\r\n\t\t<div class=\"post_data\">\r\n\r\n\t\t\t\t\t\t<!-- user -->\r\n\t\t\t<span class=\"icon-user user margin-right20\"><a href=\"https:\/\/capeco.org.py\/en\/author\/prensa\/\" title=\"Posts by David Gonzalez\" rel=\"author\">David Gonzalez<\/a><\/span>\r\n\t\t\t\r\n\t\t\t\t\t\t<!-- categories -->\r\n\t\t\t<span class=\"icon-flow-cascade categories\"><a href=\"https:\/\/capeco.org.py\/en\/category\/noticias\/\" rel=\"category tag\">Noticias<\/a><\/span>\r\n\t\t\t\r\n\t\t\t\r\n\t\t\t\r\n\t\t<\/div><!-- \/ end div  .post_data -->\r\n\t\n\t<\/div> \n\n<\/article> \n<!-- \/ blog box-->\n \n\n<!-- blog box-->\n<article class=\"loop post-10090 post type-post status-publish format-standard has-post-thumbnail hentry category-noticias tag-chaco tag-rally-de-la-soja tag-rally-de-la-soja-2026\" id=\"post-10090\">\n\t\t\n\t\n\t\n\t<figure class=\"featured_image featured_media\">\n\n\t\t\n\t\t\t\t<a id=\"lightbox-789405\" class=\"imgeffect zoom lightbox_ featured_image\" data-group=\"image_10085\" title=\"Enlarge Image\" data-title=\"(Espa\u00f1ol) \u00a1Se viene otra edici\u00f3n del Rally de la Soja!\" data-sub-html=\"#lightbox-789405-description\" data-thumbnail=\"https:\/\/capeco.org.py\/wp-content\/uploads\/2026\/03\/Banner-Web-75x50.png\" data-thumbTooltip=\"\" data-scaleUp=\"\" data-href=\"\" data-width=\"\" data-height=\"\" data-flashHasPriority=\"\" data-poster=\"\" data-autoplay=\"\" data-audiotitle=\"\" data-html=\"\" href=\"https:\/\/capeco.org.py\/wp-content\/uploads\/2026\/03\/Banner-Web.png\" ><img decoding=\"async\" src=\"https:\/\/capeco.org.py\/wp-content\/uploads\/2026\/03\/Banner-Web-640x234.png\" alt=\"\" class=\"\" \/><\/a>\r\n\t\t\t<div class=\"lighbox-description hidden\" id=\"lightbox-789405-description\">\r\n\t\t\t\t<strong>(Espa\u00f1ol) \u00a1Se viene otra edici\u00f3n del Rally de la Soja!<\/strong><br>\r\n\t\t\t\t\r\n\t\t\t<\/div>\t\t\t\t<span class=\"format-icon icon-pencil\"><\/span>\n\n\t\t\t\n\t<\/figure> \n\t\n\n\t<div class=\"date\"><a href=\"https:\/\/capeco.org.py\/en\/2026\/03\/18\/se-viene-otra-edicion-del-rally-de-la-soja\/\">Wednesday March 18th, 2026<\/a><\/div> \n\t<div class=\"text entry-content\">\n\n\t\t<!-- blog headline-->\n\t\t<h2 class=\"entry-title\"><a href=\"https:\/\/capeco.org.py\/en\/2026\/03\/18\/se-viene-otra-edicion-del-rally-de-la-soja\/\" rel=\"bookmark\">(Espa\u00f1ol) \u00a1Se viene otra edici\u00f3n del Rally de la Soja!<\/a><\/h2> \n\t\t\t\n\n\t\t<p>Sorry, this entry is only available in Espa\u00f1ol. La edici\u00f3n 2026 del Rally de la Soja ya tiene fecha confirmada. La cita es para los d\u00edas 23 y 24 de abril, en la zona de Picada Jord\u00e1n, 4 Caminos, Zenteno y Alihuat\u00e1, Chaco paraguayo, en diferentes estancias, que, como todos los a\u00f1os, nos permiten mostrar [&hellip;]<\/p>\n\n\t\t\t\t<!-- meta data -->\r\n\t\t<div class=\"post_data\">\r\n\r\n\t\t\t\t\t\t<!-- user -->\r\n\t\t\t<span class=\"icon-user user margin-right20\"><a href=\"https:\/\/capeco.org.py\/en\/author\/prensa\/\" title=\"Posts by David Gonzalez\" rel=\"author\">David Gonzalez<\/a><\/span>\r\n\t\t\t\r\n\t\t\t\t\t\t<!-- categories -->\r\n\t\t\t<span class=\"icon-flow-cascade categories\"><a href=\"https:\/\/capeco.org.py\/en\/category\/noticias\/\" rel=\"category tag\">Noticias<\/a><\/span>\r\n\t\t\t\r\n\t\t\t\r\n\t\t\t\r\n\t\t<\/div><!-- \/ end div  .post_data -->\r\n\t\n\t<\/div> \n\n<\/article> \n<!-- \/ blog box-->\n \n\n<!-- blog box-->\n<article class=\"loop post-10087 post type-post status-publish format-standard has-post-thumbnail hentry category-noticias category-sin-categoria tag-comercio-exterior tag-exportaciones tag-febrero-2026 tag-maiz-zafra-2025 tag-sonia-tomassone\" id=\"post-10087\">\n\t\t\n\t\n\t\n\t<figure class=\"featured_image featured_media\">\n\n\t\t\n\t\t\t\t<a id=\"lightbox-166928\" class=\"imgeffect zoom lightbox_ featured_image\" data-group=\"image_9957\" title=\"Enlarge Image\" data-title=\"(Espa\u00f1ol) La buena producci\u00f3n de ma\u00edz de la zafra 2025 sigue impactando positivamente en los env\u00edos del cereal\" data-sub-html=\"#lightbox-166928-description\" data-thumbnail=\"https:\/\/capeco.org.py\/wp-content\/uploads\/2025\/11\/cosecha-maiz-1-75x50.jpg\" data-thumbTooltip=\"\" data-scaleUp=\"\" data-href=\"\" data-width=\"\" data-height=\"\" data-flashHasPriority=\"\" data-poster=\"\" data-autoplay=\"\" data-audiotitle=\"\" data-html=\"\" href=\"https:\/\/capeco.org.py\/wp-content\/uploads\/2025\/11\/cosecha-maiz-1.jpg\" ><img decoding=\"async\" src=\"https:\/\/capeco.org.py\/wp-content\/uploads\/2025\/11\/cosecha-maiz-1-640x427.jpg\" alt=\"\" class=\"\" \/><\/a>\r\n\t\t\t<div class=\"lighbox-description hidden\" id=\"lightbox-166928-description\">\r\n\t\t\t\t<strong>(Espa\u00f1ol) La buena producci\u00f3n de ma\u00edz de la zafra 2025 sigue impactando positivamente en los env\u00edos del cereal<\/strong><br>\r\n\t\t\t\t\r\n\t\t\t<\/div>\t\t\t\t<span class=\"format-icon icon-pencil\"><\/span>\n\n\t\t\t\n\t<\/figure> \n\t\n\n\t<div class=\"date\"><a href=\"https:\/\/capeco.org.py\/en\/2026\/03\/18\/la-buena-produccion-de-maiz-de-la-zafra-2025-sigue-impactando-positivamente-en-los-envios-del-cereal\/\">Wednesday March 18th, 2026<\/a><\/div> \n\t<div class=\"text entry-content\">\n\n\t\t<!-- blog headline-->\n\t\t<h2 class=\"entry-title\"><a href=\"https:\/\/capeco.org.py\/en\/2026\/03\/18\/la-buena-produccion-de-maiz-de-la-zafra-2025-sigue-impactando-positivamente-en-los-envios-del-cereal\/\" rel=\"bookmark\">(Espa\u00f1ol) La buena producci\u00f3n de ma\u00edz de la zafra 2025 sigue impactando positivamente en los env\u00edos del cereal<\/a><\/h2> \n\t\t\t\n\n\t\t<p>Sorry, this entry is only available in Espa\u00f1ol. Hasta febrero de 2026 Paraguay export\u00f3 3.1 millones de toneladas de ma\u00edz zafra 2025, cuyo periodo de env\u00edos se computa desde junio de 2025. Este volumen representa 1.4 millones de toneladas m\u00e1s que lo embarcado en el mismo periodo de la campa\u00f1a anterior, de acuerdo con el [&hellip;]<\/p>\n\n\t\t\t\t<!-- meta data -->\r\n\t\t<div class=\"post_data\">\r\n\r\n\t\t\t\t\t\t<!-- user -->\r\n\t\t\t<span class=\"icon-user user margin-right20\"><a href=\"https:\/\/capeco.org.py\/en\/author\/prensa\/\" title=\"Posts by David Gonzalez\" rel=\"author\">David Gonzalez<\/a><\/span>\r\n\t\t\t\r\n\t\t\t\t\t\t<!-- categories -->\r\n\t\t\t<span class=\"icon-flow-cascade categories\"><a href=\"https:\/\/capeco.org.py\/en\/category\/noticias\/\" rel=\"category tag\">Noticias<\/a>, <a href=\"https:\/\/capeco.org.py\/en\/category\/sin-categoria\/\" rel=\"category tag\">Sin categor\u00eda<\/a><\/span>\r\n\t\t\t\r\n\t\t\t\r\n\t\t\t\r\n\t\t<\/div><!-- \/ end div  .post_data -->\r\n\t\n\t<\/div> \n\n<\/article> \n<!-- \/ blog box-->\n \n\n<!-- blog box-->\n<article class=\"loop post-10079 post type-post status-publish format-standard has-post-thumbnail hentry category-noticias tag-capeco tag-comercio-exterior tag-exportaciones tag-febrero-2026 tag-soja tag-sonia-tomassone\" id=\"post-10079\">\n\t\t\n\t\n\t\n\t<figure class=\"featured_image featured_media\">\n\n\t\t\n\t\t\t\t<a id=\"lightbox-166748\" class=\"imgeffect zoom lightbox_ featured_image\" data-group=\"image_7731\" title=\"Enlarge Image\" data-title=\"(Espa\u00f1ol) A febrero repuntan los env\u00edos de soja y generan USD 668 millones en divisas\" data-sub-html=\"#lightbox-166748-description\" data-thumbnail=\"https:\/\/capeco.org.py\/wp-content\/uploads\/2023\/04\/exportacion-soja-75x50.jpeg\" data-thumbTooltip=\"\" data-scaleUp=\"\" data-href=\"\" data-width=\"\" data-height=\"\" data-flashHasPriority=\"\" data-poster=\"\" data-autoplay=\"\" data-audiotitle=\"\" data-html=\"\" href=\"https:\/\/capeco.org.py\/wp-content\/uploads\/2023\/04\/exportacion-soja.jpeg\" ><img decoding=\"async\" src=\"https:\/\/capeco.org.py\/wp-content\/uploads\/2023\/04\/exportacion-soja-640x360.jpeg\" alt=\"\" class=\"\" \/><\/a>\r\n\t\t\t<div class=\"lighbox-description hidden\" id=\"lightbox-166748-description\">\r\n\t\t\t\t<strong>(Espa\u00f1ol) A febrero repuntan los env\u00edos de soja y generan USD 668 millones en divisas<\/strong><br>\r\n\t\t\t\t\r\n\t\t\t<\/div>\t\t\t\t<span class=\"format-icon icon-pencil\"><\/span>\n\n\t\t\t\n\t<\/figure> \n\t\n\n\t<div class=\"date\"><a href=\"https:\/\/capeco.org.py\/en\/2026\/03\/16\/a-febrero-repuntan-los-envios-de-soja-y-generan-usd-668-millones-de-divisas\/\">Monday March 16th, 2026<\/a><\/div> \n\t<div class=\"text entry-content\">\n\n\t\t<!-- blog headline-->\n\t\t<h2 class=\"entry-title\"><a href=\"https:\/\/capeco.org.py\/en\/2026\/03\/16\/a-febrero-repuntan-los-envios-de-soja-y-generan-usd-668-millones-de-divisas\/\" rel=\"bookmark\">(Espa\u00f1ol) A febrero repuntan los env\u00edos de soja y generan USD 668 millones en divisas<\/a><\/h2> \n\t\t\t\n\n\t\t<p>Sorry, this entry is only available in Espa\u00f1ol. Al cierre del segundo mes del a\u00f1o Paraguay export\u00f3 1.7 millones de toneladas de soja en grano, que equivalen a una variaci\u00f3n levemente positiva de 286.226 toneladas, respecto a febrero de 2025. Este volumen, sumado a la mejora del precio internacional de la oleaginosa, permiti\u00f3 el ingreso [&hellip;]<\/p>\n\n\t\t\t\t<!-- meta data -->\r\n\t\t<div class=\"post_data\">\r\n\r\n\t\t\t\t\t\t<!-- user -->\r\n\t\t\t<span class=\"icon-user user margin-right20\"><a href=\"https:\/\/capeco.org.py\/en\/author\/prensa\/\" title=\"Posts by David Gonzalez\" rel=\"author\">David Gonzalez<\/a><\/span>\r\n\t\t\t\r\n\t\t\t\t\t\t<!-- categories -->\r\n\t\t\t<span class=\"icon-flow-cascade categories\"><a href=\"https:\/\/capeco.org.py\/en\/category\/noticias\/\" rel=\"category tag\">Noticias<\/a><\/span>\r\n\t\t\t\r\n\t\t\t\r\n\t\t\t\r\n\t\t<\/div><!-- \/ end div  .post_data -->\r\n\t\n\t<\/div> \n\n<\/article> \n<!-- \/ blog box-->\n \n\n<!-- blog box-->\n<article class=\"loop post-10071 post type-post status-publish format-standard has-post-thumbnail hentry category-noticias tag-capeco tag-commodities-agricolas tag-conflicto-en-medio-oriente tag-fertilizantes tag-insumos-agricolas tag-mercado-internacional tag-mf-economia\" id=\"post-10071\">\n\t\t\n\t\n\t\n\t<figure class=\"featured_image featured_media\">\n\n\t\t\n\t\t\t\t<a id=\"lightbox-723713\" class=\"imgeffect zoom lightbox_ featured_image\" data-group=\"image_10073\" title=\"Enlarge Image\" data-title=\"(Espa\u00f1ol) Tensiones geopol\u00edticas presionan los mercados de commodities\" data-sub-html=\"#lightbox-723713-description\" data-thumbnail=\"https:\/\/capeco.org.py\/wp-content\/uploads\/2026\/03\/fertilizante-scaled-75x50.jpg\" data-thumbTooltip=\"\" data-scaleUp=\"\" data-href=\"\" data-width=\"\" data-height=\"\" data-flashHasPriority=\"\" data-poster=\"\" data-autoplay=\"\" data-audiotitle=\"\" data-html=\"\" href=\"https:\/\/capeco.org.py\/wp-content\/uploads\/2026\/03\/fertilizante-scaled.jpg\" ><img decoding=\"async\" src=\"https:\/\/capeco.org.py\/wp-content\/uploads\/2026\/03\/fertilizante-scaled-640x337.jpg\" alt=\"\" class=\"\" \/><\/a>\r\n\t\t\t<div class=\"lighbox-description hidden\" id=\"lightbox-723713-description\">\r\n\t\t\t\t<strong>(Espa\u00f1ol) Tensiones geopol\u00edticas presionan los mercados de commodities<\/strong><br>\r\n\t\t\t\t\r\n\t\t\t<\/div>\t\t\t\t<span class=\"format-icon icon-pencil\"><\/span>\n\n\t\t\t\n\t<\/figure> \n\t\n\n\t<div class=\"date\"><a href=\"https:\/\/capeco.org.py\/en\/2026\/03\/16\/tensiones-geopoliticas-presionan-los-mercados-de-commodities\/\">Monday March 16th, 2026<\/a><\/div> \n\t<div class=\"text entry-content\">\n\n\t\t<!-- blog headline-->\n\t\t<h2 class=\"entry-title\"><a href=\"https:\/\/capeco.org.py\/en\/2026\/03\/16\/tensiones-geopoliticas-presionan-los-mercados-de-commodities\/\" rel=\"bookmark\">(Espa\u00f1ol) Tensiones geopol\u00edticas presionan los mercados de commodities<\/a><\/h2> \n\t\t\t\n\n\t\t<p>Sorry, this entry is only available in Espa\u00f1ol. La escalada del conflicto en Medio Oriente comienza a reflejarse en los mercados internacionales de materias primas, con impactos que ya se extienden desde el sector energ\u00e9tico hacia los insumos agr\u00edcolas. En efecto, el mercado de fertilizantes figura entre los primeros afectados, con precios que alcanzan niveles [&hellip;]<\/p>\n\n\t\t\t\t<!-- meta data -->\r\n\t\t<div class=\"post_data\">\r\n\r\n\t\t\t\t\t\t<!-- user -->\r\n\t\t\t<span class=\"icon-user user margin-right20\"><a href=\"https:\/\/capeco.org.py\/en\/author\/prensa\/\" title=\"Posts by David Gonzalez\" rel=\"author\">David Gonzalez<\/a><\/span>\r\n\t\t\t\r\n\t\t\t\t\t\t<!-- categories -->\r\n\t\t\t<span class=\"icon-flow-cascade categories\"><a href=\"https:\/\/capeco.org.py\/en\/category\/noticias\/\" rel=\"category tag\">Noticias<\/a><\/span>\r\n\t\t\t\r\n\t\t\t\r\n\t\t\t\r\n\t\t<\/div><!-- \/ end div  .post_data -->\r\n\t\n\t<\/div> \n\n<\/article> \n<!-- \/ blog box-->\n<\/div>\n<div class=\"paging_wrapper margin-t30 margin-b30\"><ul class='page-numbers'>\n\t<li><span aria-current=\"page\" class=\"page-numbers current\">1<\/span><\/li>\n\t<li><a class=\"page-numbers\" href=\"https:\/\/capeco.org.py\/en\/wp-json\/wp\/v2\/pages\/2692\/page\/2\/\">2<\/a><\/li>\n\t<li><a class=\"page-numbers\" href=\"https:\/\/capeco.org.py\/en\/wp-json\/wp\/v2\/pages\/2692\/page\/3\/\">3<\/a><\/li>\n\t<li><span class=\"page-numbers dots\">&hellip;<\/span><\/li>\n\t<li><a class=\"page-numbers\" href=\"https:\/\/capeco.org.py\/en\/wp-json\/wp\/v2\/pages\/2692\/page\/64\/\">64<\/a><\/li>\n\t<li><a class=\"next page-numbers\" href=\"https:\/\/capeco.org.py\/en\/wp-json\/wp\/v2\/pages\/2692\/page\/2\/\"><span class=\"icon-angle-right\"><\/span><\/a><\/li>\n<\/ul>\n<\/div>[\/vc_column][\/vc_row]<\/p>","protected":false},"excerpt":{"rendered":"<p>Sorry, this entry is only available in Espa\u00f1ol.[vc_row rt_row_background_width=&#8221;default&#8221; rt_row_content_width=&#8221;default&#8221; rt_row_style=&#8221;default-style&#8221; rt_row_borders=&#8221;&#8221; rt_overlap=&#8221;&#8221; rt_grid=&#8221;&#8221; rt_row_paddings=&#8221;true&#8221; id=&#8221;&#8221; rt_bg_effect=&#8221;classic&#8221; rt_bg_parallax_effect=&#8221;1&#8243; rt_bg_image_repeat=&#8221;repeat&#8221; rt_bg_size=&#8221;cover&#8221; rt_bg_position=&#8221;right top&#8221; rt_bg_attachment=&#8221;scroll&#8221;][vc_column width=&#8221;1\/1&#8243; rt_color_set=&#8221;global-style&#8221; id=&#8221;&#8221; rt_bg_image_repeat=&#8221;repeat&#8221; rt_bg_size=&#8221;auto auto&#8221; rt_bg_attachment=&#8221;scroll&#8221;][\/vc_column][\/vc_row][vc_row rt_row_background_width=&#8221;default&#8221; rt_row_content_width=&#8221;default&#8221; rt_row_style=&#8221;default-style&#8221; rt_row_borders=&#8221;&#8221; rt_overlap=&#8221;&#8221; rt_grid=&#8221;&#8221; rt_row_paddings=&#8221;true&#8221; id=&#8221;&#8221; rt_bg_effect=&#8221;classic&#8221; rt_bg_parallax_effect=&#8221;1&#8243; rt_bg_image_repeat=&#8221;repeat&#8221; rt_bg_size=&#8221;cover&#8221; rt_bg_position=&#8221;right top&#8221; rt_bg_attachment=&#8221;scroll&#8221;][vc_column width=&#8221;1\/1&#8243; rt_color_set=&#8221;global-style&#8221; id=&#8221;&#8221; rt_bg_image_repeat=&#8221;repeat&#8221; rt_bg_size=&#8221;auto auto&#8221; rt_bg_attachment=&#8221;scroll&#8221;][\/vc_column][\/vc_row]<\/p>\n","protected":false},"author":9,"featured_media":3385,"parent":0,"menu_order":69,"comment_status":"open","ping_status":"closed","template":"","meta":{"_acf_changed":false,"ngg_post_thumbnail":0,"footnotes":""},"categories":[],"tags":[],"class_list":["post-2692","page","type-page","status-publish","has-post-thumbnail","hentry"],"better_featured_image":{"id":3385,"alt_text":"","caption":"","description":"","media_type":"image","media_details":{"width":980,"height":162,"file":"2015\/08\/perspectivas-climaticas.png","sizes":{"thumbnail":{"file":"perspectivas-climaticas-150x150.png","width":150,"height":150,"mime-type":"image\/png","source_url":"https:\/\/capeco.org.py\/wp-content\/uploads\/2015\/08\/perspectivas-climaticas-150x150.png"},"medium":{"file":"perspectivas-climaticas-300x50.png","width":300,"height":50,"mime-type":"image\/png","source_url":"https:\/\/capeco.org.py\/wp-content\/uploads\/2015\/08\/perspectivas-climaticas-300x50.png"},"large":{"file":"perspectivas-climaticas-930x154.png","width":930,"height":154,"mime-type":"image\/png","source_url":"https:\/\/capeco.org.py\/wp-content\/uploads\/2015\/08\/perspectivas-climaticas-930x154.png"}},"image_meta":{"aperture":0,"credit":"","camera":"","caption":"","created_timestamp":0,"copyright":"","focal_length":0,"iso":0,"shutter_speed":0,"title":"","orientation":0}},"post":null,"source_url":"https:\/\/capeco.org.py\/wp-content\/uploads\/2015\/08\/perspectivas-climaticas.png"},"acf":[],"_links":{"self":[{"href":"https:\/\/capeco.org.py\/en\/wp-json\/wp\/v2\/pages\/2692","targetHints":{"allow":["GET"]}}],"collection":[{"href":"https:\/\/capeco.org.py\/en\/wp-json\/wp\/v2\/pages"}],"about":[{"href":"https:\/\/capeco.org.py\/en\/wp-json\/wp\/v2\/types\/page"}],"author":[{"embeddable":true,"href":"https:\/\/capeco.org.py\/en\/wp-json\/wp\/v2\/users\/9"}],"replies":[{"embeddable":true,"href":"https:\/\/capeco.org.py\/en\/wp-json\/wp\/v2\/comments?post=2692"}],"version-history":[{"count":11,"href":"https:\/\/capeco.org.py\/en\/wp-json\/wp\/v2\/pages\/2692\/revisions"}],"predecessor-version":[{"id":3529,"href":"https:\/\/capeco.org.py\/en\/wp-json\/wp\/v2\/pages\/2692\/revisions\/3529"}],"wp:featuredmedia":[{"embeddable":true,"href":"https:\/\/capeco.org.py\/en\/wp-json\/wp\/v2\/media\/3385"}],"wp:attachment":[{"href":"https:\/\/capeco.org.py\/en\/wp-json\/wp\/v2\/media?parent=2692"}],"wp:term":[{"taxonomy":"category","embeddable":true,"href":"https:\/\/capeco.org.py\/en\/wp-json\/wp\/v2\/categories?post=2692"},{"taxonomy":"post_tag","embeddable":true,"href":"https:\/\/capeco.org.py\/en\/wp-json\/wp\/v2\/tags?post=2692"}],"curies":[{"name":"wp","href":"https:\/\/api.w.org\/{rel}","templated":true}]}}